{"id":153,"date":"2019-10-23T13:03:30","date_gmt":"2019-10-23T13:03:30","guid":{"rendered":"http:\/\/dev.gerlachschule-aachen.de\/?page_id=153"},"modified":"2026-04-28T10:24:05","modified_gmt":"2026-04-28T10:24:05","slug":"unsere-aktivitaeten","status":"publish","type":"page","link":"https:\/\/gerlachschule-aachen.de\/index.php\/unsere-aktivitaeten\/","title":{"rendered":"Unsere Aktivit\u00e4ten im Schuljahr"},"content":{"rendered":"\n<p class=\"has-text-align-center has-pale-pink-background-color has-background has-medium-font-size\"><strong>Einschulungsfeier<\/strong><\/p>\n\n\n\n<p>Am 28. August 2025 begr\u00fc\u00dften wir unsere neuen Erstkl\u00e4ssler mit einer liebevoll und abwechslungsreich gestalteten Einschulungsfeier! Herzlich willkommen an der Gerlachschule, ihr lieben Erstis! <\/p>\n\n\n\n<figure class=\"wp-block-gallery has-nested-images columns-default is-cropped wp-block-gallery-1 is-layout-flex wp-block-gallery-is-layout-flex\">\n<figure class=\"wp-block-image size-large\"><img loading=\"lazy\" decoding=\"async\" width=\"766\" height=\"1024\" data-id=\"5125\" src=\"https:\/\/gerlachschule-aachen.de\/wp-content\/uploads\/2025\/09\/threema-20250828-120813505_jpg-766x1024.jpeg\" alt=\"\" class=\"wp-image-5125\" srcset=\"https:\/\/gerlachschule-aachen.de\/wp-content\/uploads\/2025\/09\/threema-20250828-120813505_jpg-766x1024.jpeg 766w, https:\/\/gerlachschule-aachen.de\/wp-content\/uploads\/2025\/09\/threema-20250828-120813505_jpg-224x300.jpeg 224w, https:\/\/gerlachschule-aachen.de\/wp-content\/uploads\/2025\/09\/threema-20250828-120813505_jpg-768x1027.jpeg 768w, https:\/\/gerlachschule-aachen.de\/wp-content\/uploads\/2025\/09\/threema-20250828-120813505_jpg-1149x1536.jpeg 1149w, https:\/\/gerlachschule-aachen.de\/wp-content\/uploads\/2025\/09\/threema-20250828-120813505_jpg.jpeg 1197w\" sizes=\"auto, (max-width: 706px) 89vw, (max-width: 767px) 82vw, 740px\" \/><\/figure>\n\n\n\n<figure class=\"wp-block-image size-large\"><img loading=\"lazy\" decoding=\"async\" width=\"766\" height=\"1024\" data-id=\"5124\" src=\"https:\/\/gerlachschule-aachen.de\/wp-content\/uploads\/2025\/09\/threema-20250828-120812281_jpg-766x1024.jpeg\" alt=\"\" class=\"wp-image-5124\" srcset=\"https:\/\/gerlachschule-aachen.de\/wp-content\/uploads\/2025\/09\/threema-20250828-120812281_jpg-766x1024.jpeg 766w, https:\/\/gerlachschule-aachen.de\/wp-content\/uploads\/2025\/09\/threema-20250828-120812281_jpg-224x300.jpeg 224w, https:\/\/gerlachschule-aachen.de\/wp-content\/uploads\/2025\/09\/threema-20250828-120812281_jpg-768x1027.jpeg 768w, https:\/\/gerlachschule-aachen.de\/wp-content\/uploads\/2025\/09\/threema-20250828-120812281_jpg-1149x1536.jpeg 1149w, https:\/\/gerlachschule-aachen.de\/wp-content\/uploads\/2025\/09\/threema-20250828-120812281_jpg.jpeg 1197w\" sizes=\"auto, (max-width: 706px) 89vw, (max-width: 767px) 82vw, 740px\" \/><\/figure>\n\n\n\n<figure class=\"wp-block-image size-large\"><img loading=\"lazy\" decoding=\"async\" width=\"1024\" height=\"908\" data-id=\"5120\" src=\"https:\/\/gerlachschule-aachen.de\/wp-content\/uploads\/2025\/09\/threema-20250828-120810403_jpg-1024x908.jpeg\" alt=\"\" class=\"wp-image-5120\" srcset=\"https:\/\/gerlachschule-aachen.de\/wp-content\/uploads\/2025\/09\/threema-20250828-120810403_jpg-1024x908.jpeg 1024w, https:\/\/gerlachschule-aachen.de\/wp-content\/uploads\/2025\/09\/threema-20250828-120810403_jpg-300x266.jpeg 300w, https:\/\/gerlachschule-aachen.de\/wp-content\/uploads\/2025\/09\/threema-20250828-120810403_jpg-768x681.jpeg 768w, https:\/\/gerlachschule-aachen.de\/wp-content\/uploads\/2025\/09\/threema-20250828-120810403_jpg-1536x1362.jpeg 1536w, https:\/\/gerlachschule-aachen.de\/wp-content\/uploads\/2025\/09\/threema-20250828-120810403_jpg.jpeg 1600w\" sizes=\"auto, (max-width: 767px) 89vw, (max-width: 1000px) 54vw, (max-width: 1071px) 543px, 580px\" \/><\/figure>\n\n\n\n<figure class=\"wp-block-image size-large\"><img loading=\"lazy\" decoding=\"async\" width=\"726\" height=\"1024\" data-id=\"5119\" src=\"https:\/\/gerlachschule-aachen.de\/wp-content\/uploads\/2025\/09\/threema-20250828-120810018_jpg-726x1024.jpeg\" alt=\"\" class=\"wp-image-5119\" srcset=\"https:\/\/gerlachschule-aachen.de\/wp-content\/uploads\/2025\/09\/threema-20250828-120810018_jpg-726x1024.jpeg 726w, https:\/\/gerlachschule-aachen.de\/wp-content\/uploads\/2025\/09\/threema-20250828-120810018_jpg-213x300.jpeg 213w, https:\/\/gerlachschule-aachen.de\/wp-content\/uploads\/2025\/09\/threema-20250828-120810018_jpg-768x1083.jpeg 768w, https:\/\/gerlachschule-aachen.de\/wp-content\/uploads\/2025\/09\/threema-20250828-120810018_jpg-1090x1536.jpeg 1090w, https:\/\/gerlachschule-aachen.de\/wp-content\/uploads\/2025\/09\/threema-20250828-120810018_jpg.jpeg 1135w\" sizes=\"auto, (max-width: 726px) 100vw, 726px\" \/><\/figure>\n\n\n\n<figure class=\"wp-block-image size-large\"><img loading=\"lazy\" decoding=\"async\" width=\"766\" height=\"1024\" data-id=\"5123\" src=\"https:\/\/gerlachschule-aachen.de\/wp-content\/uploads\/2025\/09\/threema-20250828-120811905_jpg-766x1024.jpeg\" alt=\"\" class=\"wp-image-5123\" srcset=\"https:\/\/gerlachschule-aachen.de\/wp-content\/uploads\/2025\/09\/threema-20250828-120811905_jpg-766x1024.jpeg 766w, https:\/\/gerlachschule-aachen.de\/wp-content\/uploads\/2025\/09\/threema-20250828-120811905_jpg-224x300.jpeg 224w, https:\/\/gerlachschule-aachen.de\/wp-content\/uploads\/2025\/09\/threema-20250828-120811905_jpg-768x1027.jpeg 768w, https:\/\/gerlachschule-aachen.de\/wp-content\/uploads\/2025\/09\/threema-20250828-120811905_jpg-1149x1536.jpeg 1149w, https:\/\/gerlachschule-aachen.de\/wp-content\/uploads\/2025\/09\/threema-20250828-120811905_jpg.jpeg 1197w\" sizes=\"auto, (max-width: 706px) 89vw, (max-width: 767px) 82vw, 740px\" \/><\/figure>\n\n\n\n<figure class=\"wp-block-image size-large\"><img loading=\"lazy\" decoding=\"async\" width=\"766\" height=\"1024\" data-id=\"5122\" src=\"https:\/\/gerlachschule-aachen.de\/wp-content\/uploads\/2025\/09\/threema-20250828-120811095_jpg-766x1024.jpeg\" alt=\"\" class=\"wp-image-5122\" srcset=\"https:\/\/gerlachschule-aachen.de\/wp-content\/uploads\/2025\/09\/threema-20250828-120811095_jpg-766x1024.jpeg 766w, https:\/\/gerlachschule-aachen.de\/wp-content\/uploads\/2025\/09\/threema-20250828-120811095_jpg-224x300.jpeg 224w, https:\/\/gerlachschule-aachen.de\/wp-content\/uploads\/2025\/09\/threema-20250828-120811095_jpg-768x1027.jpeg 768w, https:\/\/gerlachschule-aachen.de\/wp-content\/uploads\/2025\/09\/threema-20250828-120811095_jpg-1149x1536.jpeg 1149w, https:\/\/gerlachschule-aachen.de\/wp-content\/uploads\/2025\/09\/threema-20250828-120811095_jpg.jpeg 1197w\" sizes=\"auto, (max-width: 706px) 89vw, (max-width: 767px) 82vw, 740px\" \/><\/figure>\n<\/figure>\n\n\n\n<p><\/p>\n\n\n\n<p class=\"has-text-align-center has-pale-cyan-blue-background-color has-background has-medium-font-size\"><strong>Vorlesestunde <\/strong><\/p>\n\n\n\n<p>Am Donnerstag, 26. September 2024 waren wir zur Vorlesestunde an der KGS Beeckstra\u00dfe eingeladen. Einige Kinder aus den vierten Schuljahren machen sich zusammen mit Frau Hammer und Frau H\u00fclsken auf den Weg. Wir wurden mit Keksen und Getr\u00e4nken in der Beeckstra\u00dfe herzlich begr\u00fc\u00dft. Zwei Legenden der Stadt Aachen wurden uns vorgetragen. Auch Kinder aus der Michaelsbergstra\u00dfe waren eingeladen und  lasen, z.B. aus &#8222;Harry Potter&#8220; vor. Karim und Kilian aus unserer Klasse 4 begeisterten die Kinder mit Texten aus der &#8222;Heule Eule&#8220; und &#8222;Alle da!&#8220;. Es war ein sehr sch\u00f6ner Vormittag. In einigen Wochen kommen die Kinder aus der Beeckstra\u00dfe auch uns besuchen.          <\/p>\n\n\n\n<p>Vor Weihnachten besuchten uns die Kinder der vierten Schuljahre aus der Beekstr. und der Malmedyerstr. zur weihnachtlichen Vorlesestunde mit musikalischer Untermalung an der Gerlachschule. Alle Kinder hatten sehr viel Spa\u00df!  <\/p>\n\n\n\n<figure class=\"wp-block-gallery has-nested-images columns-default is-cropped wp-block-gallery-2 is-layout-flex wp-block-gallery-is-layout-flex\">\n<figure class=\"wp-block-image size-large\"><img loading=\"lazy\" decoding=\"async\" width=\"896\" height=\"504\" data-id=\"4037\" src=\"https:\/\/gerlachschule-aachen.de\/wp-content\/uploads\/2024\/09\/Vorlesetag-Beekstrasse.jpg\" alt=\"\" class=\"wp-image-4037\" srcset=\"https:\/\/gerlachschule-aachen.de\/wp-content\/uploads\/2024\/09\/Vorlesetag-Beekstrasse.jpg 896w, https:\/\/gerlachschule-aachen.de\/wp-content\/uploads\/2024\/09\/Vorlesetag-Beekstrasse-300x169.jpg 300w, https:\/\/gerlachschule-aachen.de\/wp-content\/uploads\/2024\/09\/Vorlesetag-Beekstrasse-768x432.jpg 768w\" sizes=\"auto, (max-width: 767px) 89vw, (max-width: 1000px) 54vw, (max-width: 1071px) 543px, 580px\" \/><\/figure>\n<\/figure>\n\n\n\n<figure class=\"wp-block-gallery has-nested-images columns-default is-cropped wp-block-gallery-3 is-layout-flex wp-block-gallery-is-layout-flex\">\n<figure class=\"wp-block-image size-large\"><img loading=\"lazy\" decoding=\"async\" width=\"623\" height=\"1024\" data-id=\"4039\" src=\"https:\/\/gerlachschule-aachen.de\/wp-content\/uploads\/2024\/09\/Vorlesetag-Karim-623x1024.jpg\" alt=\"\" class=\"wp-image-4039\" srcset=\"https:\/\/gerlachschule-aachen.de\/wp-content\/uploads\/2024\/09\/Vorlesetag-Karim-623x1024.jpg 623w, https:\/\/gerlachschule-aachen.de\/wp-content\/uploads\/2024\/09\/Vorlesetag-Karim-183x300.jpg 183w, https:\/\/gerlachschule-aachen.de\/wp-content\/uploads\/2024\/09\/Vorlesetag-Karim-768x1262.jpg 768w, https:\/\/gerlachschule-aachen.de\/wp-content\/uploads\/2024\/09\/Vorlesetag-Karim-934x1536.jpg 934w, https:\/\/gerlachschule-aachen.de\/wp-content\/uploads\/2024\/09\/Vorlesetag-Karim-1246x2048.jpg 1246w, https:\/\/gerlachschule-aachen.de\/wp-content\/uploads\/2024\/09\/Vorlesetag-Karim-scaled.jpg 1557w\" sizes=\"auto, (max-width: 623px) 100vw, 623px\" \/><\/figure>\n<\/figure>\n\n\n\n<figure class=\"wp-block-gallery has-nested-images columns-default is-cropped wp-block-gallery-4 is-layout-flex wp-block-gallery-is-layout-flex\">\n<figure class=\"wp-block-image size-large\"><img loading=\"lazy\" decoding=\"async\" width=\"576\" height=\"1024\" data-id=\"4041\" src=\"https:\/\/gerlachschule-aachen.de\/wp-content\/uploads\/2024\/09\/Vorlesetag-576x1024.jpg\" alt=\"\" class=\"wp-image-4041\" srcset=\"https:\/\/gerlachschule-aachen.de\/wp-content\/uploads\/2024\/09\/Vorlesetag-576x1024.jpg 576w, https:\/\/gerlachschule-aachen.de\/wp-content\/uploads\/2024\/09\/Vorlesetag-169x300.jpg 169w, https:\/\/gerlachschule-aachen.de\/wp-content\/uploads\/2024\/09\/Vorlesetag-768x1366.jpg 768w, https:\/\/gerlachschule-aachen.de\/wp-content\/uploads\/2024\/09\/Vorlesetag-864x1536.jpg 864w, https:\/\/gerlachschule-aachen.de\/wp-content\/uploads\/2024\/09\/Vorlesetag-1151x2048.jpg 1151w, https:\/\/gerlachschule-aachen.de\/wp-content\/uploads\/2024\/09\/Vorlesetag-scaled.jpg 1439w\" sizes=\"auto, (max-width: 576px) 100vw, 576px\" \/><\/figure>\n<\/figure>\n\n\n\n<figure class=\"wp-block-gallery has-nested-images columns-default is-cropped wp-block-gallery-5 is-layout-flex wp-block-gallery-is-layout-flex\">\n<figure class=\"wp-block-image size-large\"><img loading=\"lazy\" decoding=\"async\" width=\"1024\" height=\"768\" data-id=\"4396\" src=\"https:\/\/gerlachschule-aachen.de\/wp-content\/uploads\/2025\/01\/IMG_1737-1024x768.jpeg\" alt=\"\" class=\"wp-image-4396\" srcset=\"https:\/\/gerlachschule-aachen.de\/wp-content\/uploads\/2025\/01\/IMG_1737-1024x768.jpeg 1024w, https:\/\/gerlachschule-aachen.de\/wp-content\/uploads\/2025\/01\/IMG_1737-300x225.jpeg 300w, https:\/\/gerlachschule-aachen.de\/wp-content\/uploads\/2025\/01\/IMG_1737-768x576.jpeg 768w, https:\/\/gerlachschule-aachen.de\/wp-content\/uploads\/2025\/01\/IMG_1737-1536x1152.jpeg 1536w, https:\/\/gerlachschule-aachen.de\/wp-content\/uploads\/2025\/01\/IMG_1737-2048x1536.jpeg 2048w\" sizes=\"auto, (max-width: 767px) 89vw, (max-width: 1000px) 54vw, (max-width: 1071px) 543px, 580px\" \/><\/figure>\n<\/figure>\n\n\n\n<p class=\"has-text-align-center has-luminous-vivid-amber-background-color has-background has-medium-font-size\"><strong>Waldtag<\/strong><\/p>\n\n\n\n<p>Am Donnerstag, 30. Oktober, bei sch\u00f6nstem goldenen Herbstwetter, ging die ganze Schulgemeinde in den Aachener Wald. An der Pionierquelle verbrachten Kinder und Kollegium einen entspannten <strong>Waldvormittag<\/strong>.<\/p>\n\n\n\n<figure class=\"wp-block-gallery has-nested-images columns-default is-cropped wp-block-gallery-6 is-layout-flex wp-block-gallery-is-layout-flex\">\n<figure class=\"wp-block-image size-large\"><img loading=\"lazy\" decoding=\"async\" width=\"576\" height=\"1024\" data-id=\"4170\" src=\"https:\/\/gerlachschule-aachen.de\/wp-content\/uploads\/2024\/11\/Waldtag-1-576x1024.jpg\" alt=\"\" class=\"wp-image-4170\" srcset=\"https:\/\/gerlachschule-aachen.de\/wp-content\/uploads\/2024\/11\/Waldtag-1-576x1024.jpg 576w, https:\/\/gerlachschule-aachen.de\/wp-content\/uploads\/2024\/11\/Waldtag-1-169x300.jpg 169w, https:\/\/gerlachschule-aachen.de\/wp-content\/uploads\/2024\/11\/Waldtag-1-768x1365.jpg 768w, https:\/\/gerlachschule-aachen.de\/wp-content\/uploads\/2024\/11\/Waldtag-1-864x1536.jpg 864w, https:\/\/gerlachschule-aachen.de\/wp-content\/uploads\/2024\/11\/Waldtag-1-1152x2048.jpg 1152w, https:\/\/gerlachschule-aachen.de\/wp-content\/uploads\/2024\/11\/Waldtag-1-scaled.jpg 1440w\" sizes=\"auto, (max-width: 576px) 100vw, 576px\" \/><\/figure>\n<\/figure>\n\n\n\n<figure class=\"wp-block-gallery has-nested-images columns-default is-cropped wp-block-gallery-7 is-layout-flex wp-block-gallery-is-layout-flex\">\n<figure class=\"wp-block-image size-large\"><img loading=\"lazy\" decoding=\"async\" width=\"1024\" height=\"576\" data-id=\"4171\" src=\"https:\/\/gerlachschule-aachen.de\/wp-content\/uploads\/2024\/11\/Waldtag-2-1024x576.jpg\" alt=\"\" class=\"wp-image-4171\" srcset=\"https:\/\/gerlachschule-aachen.de\/wp-content\/uploads\/2024\/11\/Waldtag-2-1024x576.jpg 1024w, https:\/\/gerlachschule-aachen.de\/wp-content\/uploads\/2024\/11\/Waldtag-2-300x169.jpg 300w, https:\/\/gerlachschule-aachen.de\/wp-content\/uploads\/2024\/11\/Waldtag-2-768x432.jpg 768w, https:\/\/gerlachschule-aachen.de\/wp-content\/uploads\/2024\/11\/Waldtag-2-1536x864.jpg 1536w, https:\/\/gerlachschule-aachen.de\/wp-content\/uploads\/2024\/11\/Waldtag-2-2048x1152.jpg 2048w\" sizes=\"auto, (max-width: 767px) 89vw, (max-width: 1000px) 54vw, (max-width: 1071px) 543px, 580px\" \/><\/figure>\n<\/figure>\n\n\n\n<figure class=\"wp-block-gallery has-nested-images columns-default is-cropped wp-block-gallery-8 is-layout-flex wp-block-gallery-is-layout-flex\">\n<figure class=\"wp-block-image size-large\"><img loading=\"lazy\" decoding=\"async\" width=\"1024\" height=\"576\" data-id=\"4173\" src=\"https:\/\/gerlachschule-aachen.de\/wp-content\/uploads\/2024\/11\/Waldtag-4-1024x576.jpg\" alt=\"\" class=\"wp-image-4173\" srcset=\"https:\/\/gerlachschule-aachen.de\/wp-content\/uploads\/2024\/11\/Waldtag-4-1024x576.jpg 1024w, https:\/\/gerlachschule-aachen.de\/wp-content\/uploads\/2024\/11\/Waldtag-4-300x169.jpg 300w, https:\/\/gerlachschule-aachen.de\/wp-content\/uploads\/2024\/11\/Waldtag-4-768x432.jpg 768w, https:\/\/gerlachschule-aachen.de\/wp-content\/uploads\/2024\/11\/Waldtag-4-1536x864.jpg 1536w, https:\/\/gerlachschule-aachen.de\/wp-content\/uploads\/2024\/11\/Waldtag-4-2048x1152.jpg 2048w\" sizes=\"auto, (max-width: 767px) 89vw, (max-width: 1000px) 54vw, (max-width: 1071px) 543px, 580px\" \/><\/figure>\n<\/figure>\n\n\n\n<figure class=\"wp-block-gallery has-nested-images columns-default is-cropped wp-block-gallery-9 is-layout-flex wp-block-gallery-is-layout-flex\">\n<figure class=\"wp-block-image size-large\"><img loading=\"lazy\" decoding=\"async\" width=\"768\" height=\"1024\" data-id=\"5291\" src=\"https:\/\/gerlachschule-aachen.de\/wp-content\/uploads\/2025\/11\/threema-20251030-110552688_jpg-768x1024.jpeg\" alt=\"\" class=\"wp-image-5291\" srcset=\"https:\/\/gerlachschule-aachen.de\/wp-content\/uploads\/2025\/11\/threema-20251030-110552688_jpg-768x1024.jpeg 768w, https:\/\/gerlachschule-aachen.de\/wp-content\/uploads\/2025\/11\/threema-20251030-110552688_jpg-225x300.jpeg 225w, https:\/\/gerlachschule-aachen.de\/wp-content\/uploads\/2025\/11\/threema-20251030-110552688_jpg-1152x1536.jpeg 1152w, https:\/\/gerlachschule-aachen.de\/wp-content\/uploads\/2025\/11\/threema-20251030-110552688_jpg.jpeg 1200w\" sizes=\"auto, (max-width: 767px) 89vw, (max-width: 1000px) 54vw, (max-width: 1071px) 543px, 580px\" \/><\/figure>\n\n\n\n<figure class=\"wp-block-image size-large\"><img loading=\"lazy\" decoding=\"async\" width=\"768\" height=\"1024\" data-id=\"5292\" src=\"https:\/\/gerlachschule-aachen.de\/wp-content\/uploads\/2025\/11\/threema-20251030-110552482_jpg-768x1024.jpeg\" alt=\"\" class=\"wp-image-5292\" srcset=\"https:\/\/gerlachschule-aachen.de\/wp-content\/uploads\/2025\/11\/threema-20251030-110552482_jpg-768x1024.jpeg 768w, https:\/\/gerlachschule-aachen.de\/wp-content\/uploads\/2025\/11\/threema-20251030-110552482_jpg-225x300.jpeg 225w, https:\/\/gerlachschule-aachen.de\/wp-content\/uploads\/2025\/11\/threema-20251030-110552482_jpg-1152x1536.jpeg 1152w, https:\/\/gerlachschule-aachen.de\/wp-content\/uploads\/2025\/11\/threema-20251030-110552482_jpg.jpeg 1200w\" sizes=\"auto, (max-width: 767px) 89vw, (max-width: 1000px) 54vw, (max-width: 1071px) 543px, 580px\" \/><\/figure>\n<\/figure>\n\n\n\n<p class=\"has-text-align-center has-pale-cyan-blue-background-color has-background has-medium-font-size\"><strong>Sankt Martin<\/strong><\/p>\n\n\n\n<p>Unser <strong>Sankt Martinsfest <\/strong>am Dienstag, 4. November mit Laternenumzug war auch in diesem Jahr wieder ein wundersch\u00f6nes Erlebnis f\u00fcr Gro\u00df und Klein. Begleitet von der Musikkapelle des Couvengymnasiums und einem Martinspferd zogen wir um die Gerlachschule. Im Anschluss fand auf unserem Schulhof ein kleines Lagerfeuer mit Martins-Spiel statt. Der F\u00f6rderverein der Gerlachschule spendete jedem Kind einen Weckmann. Am Martinsfeuer genossen wir Gl\u00fchwein, Kinderpunsch und Kakao. Herzlichen Dank an alle helfenden H\u00e4nde, die das Martinsfest wieder m\u00f6glich und zu etwas Besonderem gemacht haben.<\/p>\n\n\n\n<figure class=\"wp-block-gallery has-nested-images columns-default is-cropped wp-block-gallery-10 is-layout-flex wp-block-gallery-is-layout-flex\">\n<figure class=\"wp-block-image size-large\"><img loading=\"lazy\" decoding=\"async\" width=\"1024\" height=\"768\" data-id=\"5307\" src=\"https:\/\/gerlachschule-aachen.de\/wp-content\/uploads\/2025\/11\/PHOTO-2025-11-06-08-47-49-1024x768.jpg\" alt=\"\" class=\"wp-image-5307\" srcset=\"https:\/\/gerlachschule-aachen.de\/wp-content\/uploads\/2025\/11\/PHOTO-2025-11-06-08-47-49-1024x768.jpg 1024w, https:\/\/gerlachschule-aachen.de\/wp-content\/uploads\/2025\/11\/PHOTO-2025-11-06-08-47-49-300x225.jpg 300w, https:\/\/gerlachschule-aachen.de\/wp-content\/uploads\/2025\/11\/PHOTO-2025-11-06-08-47-49-768x576.jpg 768w, https:\/\/gerlachschule-aachen.de\/wp-content\/uploads\/2025\/11\/PHOTO-2025-11-06-08-47-49-1536x1152.jpg 1536w, https:\/\/gerlachschule-aachen.de\/wp-content\/uploads\/2025\/11\/PHOTO-2025-11-06-08-47-49.jpg 1600w\" sizes=\"auto, (max-width: 767px) 89vw, (max-width: 1000px) 54vw, (max-width: 1071px) 543px, 580px\" \/><\/figure>\n\n\n\n<figure class=\"wp-block-image size-large\"><img loading=\"lazy\" decoding=\"async\" width=\"768\" height=\"1024\" data-id=\"5310\" src=\"https:\/\/gerlachschule-aachen.de\/wp-content\/uploads\/2025\/11\/PHOTO-2025-11-06-08-47-51_1-768x1024.jpg\" alt=\"\" class=\"wp-image-5310\" srcset=\"https:\/\/gerlachschule-aachen.de\/wp-content\/uploads\/2025\/11\/PHOTO-2025-11-06-08-47-51_1-768x1024.jpg 768w, https:\/\/gerlachschule-aachen.de\/wp-content\/uploads\/2025\/11\/PHOTO-2025-11-06-08-47-51_1-225x300.jpg 225w, https:\/\/gerlachschule-aachen.de\/wp-content\/uploads\/2025\/11\/PHOTO-2025-11-06-08-47-51_1-1152x1536.jpg 1152w, https:\/\/gerlachschule-aachen.de\/wp-content\/uploads\/2025\/11\/PHOTO-2025-11-06-08-47-51_1.jpg 1200w\" sizes=\"auto, (max-width: 767px) 89vw, (max-width: 1000px) 54vw, (max-width: 1071px) 543px, 580px\" \/><\/figure>\n\n\n\n<figure class=\"wp-block-image size-large\"><img loading=\"lazy\" decoding=\"async\" width=\"768\" height=\"1024\" data-id=\"5308\" src=\"https:\/\/gerlachschule-aachen.de\/wp-content\/uploads\/2025\/11\/PHOTO-2025-11-06-08-47-50-768x1024.jpg\" alt=\"\" class=\"wp-image-5308\" srcset=\"https:\/\/gerlachschule-aachen.de\/wp-content\/uploads\/2025\/11\/PHOTO-2025-11-06-08-47-50-768x1024.jpg 768w, https:\/\/gerlachschule-aachen.de\/wp-content\/uploads\/2025\/11\/PHOTO-2025-11-06-08-47-50-225x300.jpg 225w, https:\/\/gerlachschule-aachen.de\/wp-content\/uploads\/2025\/11\/PHOTO-2025-11-06-08-47-50-1152x1536.jpg 1152w, https:\/\/gerlachschule-aachen.de\/wp-content\/uploads\/2025\/11\/PHOTO-2025-11-06-08-47-50.jpg 1200w\" sizes=\"auto, (max-width: 767px) 89vw, (max-width: 1000px) 54vw, (max-width: 1071px) 543px, 580px\" \/><\/figure>\n\n\n\n<figure class=\"wp-block-image size-large\"><img loading=\"lazy\" decoding=\"async\" width=\"1024\" height=\"768\" data-id=\"5309\" src=\"https:\/\/gerlachschule-aachen.de\/wp-content\/uploads\/2025\/11\/PHOTO-2025-11-06-08-47-51-1024x768.jpg\" alt=\"\" class=\"wp-image-5309\" srcset=\"https:\/\/gerlachschule-aachen.de\/wp-content\/uploads\/2025\/11\/PHOTO-2025-11-06-08-47-51-1024x768.jpg 1024w, https:\/\/gerlachschule-aachen.de\/wp-content\/uploads\/2025\/11\/PHOTO-2025-11-06-08-47-51-300x225.jpg 300w, https:\/\/gerlachschule-aachen.de\/wp-content\/uploads\/2025\/11\/PHOTO-2025-11-06-08-47-51-768x576.jpg 768w, https:\/\/gerlachschule-aachen.de\/wp-content\/uploads\/2025\/11\/PHOTO-2025-11-06-08-47-51-1536x1152.jpg 1536w, https:\/\/gerlachschule-aachen.de\/wp-content\/uploads\/2025\/11\/PHOTO-2025-11-06-08-47-51.jpg 1600w\" sizes=\"auto, (max-width: 767px) 89vw, (max-width: 1000px) 54vw, (max-width: 1071px) 543px, 580px\" \/><\/figure>\n\n\n\n<figure class=\"wp-block-image size-large\"><img loading=\"lazy\" decoding=\"async\" width=\"1024\" height=\"576\" data-id=\"5311\" src=\"https:\/\/gerlachschule-aachen.de\/wp-content\/uploads\/2025\/11\/IMG_2815-1024x576.jpg\" alt=\"\" class=\"wp-image-5311\" srcset=\"https:\/\/gerlachschule-aachen.de\/wp-content\/uploads\/2025\/11\/IMG_2815-1024x576.jpg 1024w, https:\/\/gerlachschule-aachen.de\/wp-content\/uploads\/2025\/11\/IMG_2815-300x169.jpg 300w, https:\/\/gerlachschule-aachen.de\/wp-content\/uploads\/2025\/11\/IMG_2815-768x432.jpg 768w, https:\/\/gerlachschule-aachen.de\/wp-content\/uploads\/2025\/11\/IMG_2815-1536x864.jpg 1536w, https:\/\/gerlachschule-aachen.de\/wp-content\/uploads\/2025\/11\/IMG_2815-2048x1152.jpg 2048w\" sizes=\"auto, (max-width: 767px) 89vw, (max-width: 1000px) 54vw, (max-width: 1071px) 543px, 580px\" \/><\/figure>\n\n\n\n<figure class=\"wp-block-image size-large\"><img loading=\"lazy\" decoding=\"async\" width=\"576\" height=\"1024\" data-id=\"5312\" src=\"https:\/\/gerlachschule-aachen.de\/wp-content\/uploads\/2025\/11\/IMG_2810-576x1024.jpg\" alt=\"\" class=\"wp-image-5312\" srcset=\"https:\/\/gerlachschule-aachen.de\/wp-content\/uploads\/2025\/11\/IMG_2810-576x1024.jpg 576w, https:\/\/gerlachschule-aachen.de\/wp-content\/uploads\/2025\/11\/IMG_2810-169x300.jpg 169w, https:\/\/gerlachschule-aachen.de\/wp-content\/uploads\/2025\/11\/IMG_2810-768x1365.jpg 768w, https:\/\/gerlachschule-aachen.de\/wp-content\/uploads\/2025\/11\/IMG_2810-864x1536.jpg 864w, https:\/\/gerlachschule-aachen.de\/wp-content\/uploads\/2025\/11\/IMG_2810-1152x2048.jpg 1152w, https:\/\/gerlachschule-aachen.de\/wp-content\/uploads\/2025\/11\/IMG_2810-scaled.jpg 1440w\" sizes=\"auto, (max-width: 576px) 100vw, 576px\" \/><\/figure>\n<\/figure>\n\n\n\n<figure class=\"wp-block-image size-large\"><img loading=\"lazy\" decoding=\"async\" width=\"1024\" height=\"768\" src=\"https:\/\/gerlachschule-aachen.de\/wp-content\/uploads\/2025\/11\/20251104_183506-1024x768.jpg\" alt=\"\" class=\"wp-image-5326\" srcset=\"https:\/\/gerlachschule-aachen.de\/wp-content\/uploads\/2025\/11\/20251104_183506-1024x768.jpg 1024w, https:\/\/gerlachschule-aachen.de\/wp-content\/uploads\/2025\/11\/20251104_183506-300x225.jpg 300w, https:\/\/gerlachschule-aachen.de\/wp-content\/uploads\/2025\/11\/20251104_183506-768x576.jpg 768w, https:\/\/gerlachschule-aachen.de\/wp-content\/uploads\/2025\/11\/20251104_183506-1536x1152.jpg 1536w, https:\/\/gerlachschule-aachen.de\/wp-content\/uploads\/2025\/11\/20251104_183506-2048x1536.jpg 2048w\" sizes=\"auto, (max-width: 767px) 89vw, (max-width: 1000px) 54vw, (max-width: 1071px) 543px, 580px\" \/><\/figure>\n\n\n\n<figure class=\"wp-block-image size-large\"><img loading=\"lazy\" decoding=\"async\" width=\"1024\" height=\"768\" src=\"https:\/\/gerlachschule-aachen.de\/wp-content\/uploads\/2025\/11\/20251104_183555-1024x768.jpg\" alt=\"\" class=\"wp-image-5323\" srcset=\"https:\/\/gerlachschule-aachen.de\/wp-content\/uploads\/2025\/11\/20251104_183555-1024x768.jpg 1024w, https:\/\/gerlachschule-aachen.de\/wp-content\/uploads\/2025\/11\/20251104_183555-300x225.jpg 300w, https:\/\/gerlachschule-aachen.de\/wp-content\/uploads\/2025\/11\/20251104_183555-768x576.jpg 768w, https:\/\/gerlachschule-aachen.de\/wp-content\/uploads\/2025\/11\/20251104_183555-1536x1152.jpg 1536w, https:\/\/gerlachschule-aachen.de\/wp-content\/uploads\/2025\/11\/20251104_183555-2048x1536.jpg 2048w\" sizes=\"auto, (max-width: 767px) 89vw, (max-width: 1000px) 54vw, (max-width: 1071px) 543px, 580px\" \/><\/figure>\n\n\n\n<p class=\"has-text-align-center has-vivid-red-background-color has-background has-medium-font-size\"><strong>Adventstreffen <\/strong><\/p>\n\n\n\n<figure class=\"wp-block-gallery has-nested-images columns-default is-cropped wp-block-gallery-11 is-layout-flex wp-block-gallery-is-layout-flex\">\n<figure class=\"wp-block-image size-large\"><img loading=\"lazy\" decoding=\"async\" width=\"768\" height=\"1024\" data-id=\"5372\" src=\"https:\/\/gerlachschule-aachen.de\/wp-content\/uploads\/2025\/12\/PHOTO-2025-11-28-08-58-15-768x1024.jpg\" alt=\"\" class=\"wp-image-5372\" srcset=\"https:\/\/gerlachschule-aachen.de\/wp-content\/uploads\/2025\/12\/PHOTO-2025-11-28-08-58-15-768x1024.jpg 768w, https:\/\/gerlachschule-aachen.de\/wp-content\/uploads\/2025\/12\/PHOTO-2025-11-28-08-58-15-225x300.jpg 225w, https:\/\/gerlachschule-aachen.de\/wp-content\/uploads\/2025\/12\/PHOTO-2025-11-28-08-58-15-1152x1536.jpg 1152w, https:\/\/gerlachschule-aachen.de\/wp-content\/uploads\/2025\/12\/PHOTO-2025-11-28-08-58-15.jpg 1200w\" sizes=\"auto, (max-width: 767px) 89vw, (max-width: 1000px) 54vw, (max-width: 1071px) 543px, 580px\" \/><\/figure>\n\n\n\n<figure class=\"wp-block-image size-large\"><img loading=\"lazy\" decoding=\"async\" width=\"768\" height=\"1024\" data-id=\"5373\" src=\"https:\/\/gerlachschule-aachen.de\/wp-content\/uploads\/2025\/12\/PHOTO-2025-11-28-08-57-54-768x1024.jpg\" alt=\"\" class=\"wp-image-5373\" srcset=\"https:\/\/gerlachschule-aachen.de\/wp-content\/uploads\/2025\/12\/PHOTO-2025-11-28-08-57-54-768x1024.jpg 768w, https:\/\/gerlachschule-aachen.de\/wp-content\/uploads\/2025\/12\/PHOTO-2025-11-28-08-57-54-225x300.jpg 225w, https:\/\/gerlachschule-aachen.de\/wp-content\/uploads\/2025\/12\/PHOTO-2025-11-28-08-57-54-1152x1536.jpg 1152w, https:\/\/gerlachschule-aachen.de\/wp-content\/uploads\/2025\/12\/PHOTO-2025-11-28-08-57-54.jpg 1200w\" sizes=\"auto, (max-width: 767px) 89vw, (max-width: 1000px) 54vw, (max-width: 1071px) 543px, 580px\" \/><\/figure>\n<\/figure>\n\n\n\n<p>In der Adventszeit treffen wir uns regelm\u00e4\u00dfig unter dem Tannenbaum in unserer Aula. Hier singen wir gemeinsam Weihnachtslieder, sagen Gedichte auf und genie\u00dfen die gem\u00fctliche Atmosph\u00e4re unter dem Tannenbaum. <\/p>\n\n\n\n<p class=\"has-text-align-center has-pale-cyan-blue-background-color has-background has-medium-font-size\"><strong>Tanztheater &#8211; Mein Herz<\/strong><\/p>\n\n\n\n<p>Am Freitag, 06.03.2026 und 13.03.2026 hat uns das Tanztheater &#8222;Mein Herz&#8220; besucht. <\/p>\n\n\n\n<p>Ein Herz voller Emotionen &#8211; mal h\u00fcpft es vor Freude, mal ist es schwer vor Traurigkeit, klopft laut vor Angst oder rast vor Wut. Wir durften ein poetisches, spielerisches und kraftvolles Tanztheater anschauen, \u00fcber Emotionen und die Kunst, mit dem Herzen zu tanzen und zu sehen. <\/p>\n\n\n\n<figure class=\"wp-block-gallery has-nested-images columns-default is-cropped wp-block-gallery-12 is-layout-flex wp-block-gallery-is-layout-flex\">\n<figure class=\"wp-block-image size-large\"><img loading=\"lazy\" decoding=\"async\" width=\"1024\" height=\"576\" data-id=\"5523\" src=\"https:\/\/gerlachschule-aachen.de\/wp-content\/uploads\/2026\/03\/IMG_3312-1024x576.jpeg\" alt=\"\" class=\"wp-image-5523\" srcset=\"https:\/\/gerlachschule-aachen.de\/wp-content\/uploads\/2026\/03\/IMG_3312-1024x576.jpeg 1024w, https:\/\/gerlachschule-aachen.de\/wp-content\/uploads\/2026\/03\/IMG_3312-300x169.jpeg 300w, https:\/\/gerlachschule-aachen.de\/wp-content\/uploads\/2026\/03\/IMG_3312-768x432.jpeg 768w, https:\/\/gerlachschule-aachen.de\/wp-content\/uploads\/2026\/03\/IMG_3312-1536x864.jpeg 1536w, https:\/\/gerlachschule-aachen.de\/wp-content\/uploads\/2026\/03\/IMG_3312-2048x1152.jpeg 2048w\" sizes=\"auto, (max-width: 767px) 89vw, (max-width: 1000px) 54vw, (max-width: 1071px) 543px, 580px\" \/><\/figure>\n\n\n\n<figure class=\"wp-block-image size-large\"><img loading=\"lazy\" decoding=\"async\" width=\"1024\" height=\"576\" data-id=\"5524\" src=\"https:\/\/gerlachschule-aachen.de\/wp-content\/uploads\/2026\/03\/IMG_3313-1024x576.jpeg\" alt=\"\" class=\"wp-image-5524\" srcset=\"https:\/\/gerlachschule-aachen.de\/wp-content\/uploads\/2026\/03\/IMG_3313-1024x576.jpeg 1024w, https:\/\/gerlachschule-aachen.de\/wp-content\/uploads\/2026\/03\/IMG_3313-300x169.jpeg 300w, https:\/\/gerlachschule-aachen.de\/wp-content\/uploads\/2026\/03\/IMG_3313-768x432.jpeg 768w, https:\/\/gerlachschule-aachen.de\/wp-content\/uploads\/2026\/03\/IMG_3313-1536x864.jpeg 1536w, https:\/\/gerlachschule-aachen.de\/wp-content\/uploads\/2026\/03\/IMG_3313-2048x1152.jpeg 2048w\" sizes=\"auto, (max-width: 767px) 89vw, (max-width: 1000px) 54vw, (max-width: 1071px) 543px, 580px\" \/><\/figure>\n\n\n\n<figure class=\"wp-block-image size-large\"><img loading=\"lazy\" decoding=\"async\" width=\"1024\" height=\"576\" data-id=\"5525\" src=\"https:\/\/gerlachschule-aachen.de\/wp-content\/uploads\/2026\/03\/IMG_3324-1024x576.jpeg\" alt=\"\" class=\"wp-image-5525\" srcset=\"https:\/\/gerlachschule-aachen.de\/wp-content\/uploads\/2026\/03\/IMG_3324-1024x576.jpeg 1024w, https:\/\/gerlachschule-aachen.de\/wp-content\/uploads\/2026\/03\/IMG_3324-300x169.jpeg 300w, https:\/\/gerlachschule-aachen.de\/wp-content\/uploads\/2026\/03\/IMG_3324-768x432.jpeg 768w, https:\/\/gerlachschule-aachen.de\/wp-content\/uploads\/2026\/03\/IMG_3324-1536x864.jpeg 1536w, https:\/\/gerlachschule-aachen.de\/wp-content\/uploads\/2026\/03\/IMG_3324-2048x1152.jpeg 2048w\" sizes=\"auto, (max-width: 767px) 89vw, (max-width: 1000px) 54vw, (max-width: 1071px) 543px, 580px\" \/><\/figure>\n\n\n\n<figure class=\"wp-block-image size-large\"><img loading=\"lazy\" decoding=\"async\" width=\"1024\" height=\"576\" data-id=\"5526\" src=\"https:\/\/gerlachschule-aachen.de\/wp-content\/uploads\/2026\/03\/IMG_3326-1024x576.jpeg\" alt=\"\" class=\"wp-image-5526\" srcset=\"https:\/\/gerlachschule-aachen.de\/wp-content\/uploads\/2026\/03\/IMG_3326-1024x576.jpeg 1024w, https:\/\/gerlachschule-aachen.de\/wp-content\/uploads\/2026\/03\/IMG_3326-300x169.jpeg 300w, https:\/\/gerlachschule-aachen.de\/wp-content\/uploads\/2026\/03\/IMG_3326-768x432.jpeg 768w, https:\/\/gerlachschule-aachen.de\/wp-content\/uploads\/2026\/03\/IMG_3326-1536x864.jpeg 1536w, https:\/\/gerlachschule-aachen.de\/wp-content\/uploads\/2026\/03\/IMG_3326-2048x1152.jpeg 2048w\" sizes=\"auto, (max-width: 767px) 89vw, (max-width: 1000px) 54vw, (max-width: 1071px) 543px, 580px\" \/><\/figure>\n<\/figure>\n\n\n\n<p><\/p>\n\n\n\n<h2 class=\"wp-block-heading has-text-align-center has-pale-pink-background-color has-background has-medium-font-size\"><strong>Stadttheater Aachen<\/strong><\/h2>\n\n\n\n<p>Am 19. Dezember 2024 besuchten die Klassen 2 bis 4 das Aachener Stadttheater und schauten die Oper &#8222;Die  Zauberfl\u00f6te&#8220; von Wolfgang Amadeus Mozart. F\u00fcr Gro\u00df und Klein war der Theaterbesuch ein gro\u00dfes Erlebnis.  <\/p>\n\n\n\n<p class=\"has-text-align-center has-light-green-cyan-background-color has-background has-medium-font-size\"><strong>Fr\u00fchlingsfest<\/strong><\/p>\n\n\n\n<p>Am Samstag, 25. April 2026 haben wir bei sch\u00f6nstem Aachener Sonnenschein ein ausgelassenes, erlebnisreiches und entspanntes Fr\u00fchlingsfest gefeiert. Vielen Dank an alle helfenden H\u00e4nde, die das Fr\u00fchlingsfest wieder zu etwas sehr Besonderem gemacht haben!<\/p>\n\n\n\n<figure class=\"wp-block-gallery has-nested-images columns-default is-cropped wp-block-gallery-13 is-layout-flex wp-block-gallery-is-layout-flex\">\n<figure class=\"wp-block-image size-large\"><img loading=\"lazy\" decoding=\"async\" width=\"1024\" height=\"576\" data-id=\"5596\" src=\"https:\/\/gerlachschule-aachen.de\/wp-content\/uploads\/2026\/04\/IMG_3448-1024x576.jpeg\" alt=\"\" class=\"wp-image-5596\" srcset=\"https:\/\/gerlachschule-aachen.de\/wp-content\/uploads\/2026\/04\/IMG_3448-1024x576.jpeg 1024w, https:\/\/gerlachschule-aachen.de\/wp-content\/uploads\/2026\/04\/IMG_3448-300x169.jpeg 300w, https:\/\/gerlachschule-aachen.de\/wp-content\/uploads\/2026\/04\/IMG_3448-768x432.jpeg 768w, https:\/\/gerlachschule-aachen.de\/wp-content\/uploads\/2026\/04\/IMG_3448-1536x864.jpeg 1536w, https:\/\/gerlachschule-aachen.de\/wp-content\/uploads\/2026\/04\/IMG_3448-2048x1152.jpeg 2048w\" sizes=\"auto, (max-width: 767px) 89vw, (max-width: 1000px) 54vw, (max-width: 1071px) 543px, 580px\" \/><\/figure>\n\n\n\n<figure class=\"wp-block-image size-large\"><img loading=\"lazy\" decoding=\"async\" width=\"1024\" height=\"576\" data-id=\"5605\" src=\"https:\/\/gerlachschule-aachen.de\/wp-content\/uploads\/2026\/04\/IMG_3425-1024x576.jpeg\" alt=\"\" class=\"wp-image-5605\" srcset=\"https:\/\/gerlachschule-aachen.de\/wp-content\/uploads\/2026\/04\/IMG_3425-1024x576.jpeg 1024w, https:\/\/gerlachschule-aachen.de\/wp-content\/uploads\/2026\/04\/IMG_3425-300x169.jpeg 300w, https:\/\/gerlachschule-aachen.de\/wp-content\/uploads\/2026\/04\/IMG_3425-768x432.jpeg 768w, https:\/\/gerlachschule-aachen.de\/wp-content\/uploads\/2026\/04\/IMG_3425-1536x864.jpeg 1536w, https:\/\/gerlachschule-aachen.de\/wp-content\/uploads\/2026\/04\/IMG_3425-2048x1152.jpeg 2048w\" sizes=\"auto, (max-width: 767px) 89vw, (max-width: 1000px) 54vw, (max-width: 1071px) 543px, 580px\" \/><\/figure>\n\n\n\n<figure class=\"wp-block-image size-large\"><img loading=\"lazy\" decoding=\"async\" width=\"1024\" height=\"576\" data-id=\"5601\" src=\"https:\/\/gerlachschule-aachen.de\/wp-content\/uploads\/2026\/04\/IMG_3440-1024x576.jpeg\" alt=\"\" class=\"wp-image-5601\" srcset=\"https:\/\/gerlachschule-aachen.de\/wp-content\/uploads\/2026\/04\/IMG_3440-1024x576.jpeg 1024w, https:\/\/gerlachschule-aachen.de\/wp-content\/uploads\/2026\/04\/IMG_3440-300x169.jpeg 300w, https:\/\/gerlachschule-aachen.de\/wp-content\/uploads\/2026\/04\/IMG_3440-768x432.jpeg 768w, https:\/\/gerlachschule-aachen.de\/wp-content\/uploads\/2026\/04\/IMG_3440-1536x864.jpeg 1536w, https:\/\/gerlachschule-aachen.de\/wp-content\/uploads\/2026\/04\/IMG_3440-2048x1152.jpeg 2048w\" sizes=\"auto, (max-width: 767px) 89vw, (max-width: 1000px) 54vw, (max-width: 1071px) 543px, 580px\" \/><\/figure>\n\n\n\n<figure class=\"wp-block-image size-large\"><img loading=\"lazy\" decoding=\"async\" width=\"1024\" height=\"576\" data-id=\"5600\" src=\"https:\/\/gerlachschule-aachen.de\/wp-content\/uploads\/2026\/04\/IMG_3441-1024x576.jpeg\" alt=\"\" class=\"wp-image-5600\" srcset=\"https:\/\/gerlachschule-aachen.de\/wp-content\/uploads\/2026\/04\/IMG_3441-1024x576.jpeg 1024w, https:\/\/gerlachschule-aachen.de\/wp-content\/uploads\/2026\/04\/IMG_3441-300x169.jpeg 300w, https:\/\/gerlachschule-aachen.de\/wp-content\/uploads\/2026\/04\/IMG_3441-768x432.jpeg 768w, https:\/\/gerlachschule-aachen.de\/wp-content\/uploads\/2026\/04\/IMG_3441-1536x864.jpeg 1536w, https:\/\/gerlachschule-aachen.de\/wp-content\/uploads\/2026\/04\/IMG_3441-2048x1152.jpeg 2048w\" sizes=\"auto, (max-width: 767px) 89vw, (max-width: 1000px) 54vw, (max-width: 1071px) 543px, 580px\" \/><\/figure>\n\n\n\n<figure class=\"wp-block-image size-large\"><img loading=\"lazy\" decoding=\"async\" width=\"1024\" height=\"576\" data-id=\"5599\" src=\"https:\/\/gerlachschule-aachen.de\/wp-content\/uploads\/2026\/04\/IMG_3442-1024x576.jpeg\" alt=\"\" class=\"wp-image-5599\" srcset=\"https:\/\/gerlachschule-aachen.de\/wp-content\/uploads\/2026\/04\/IMG_3442-1024x576.jpeg 1024w, https:\/\/gerlachschule-aachen.de\/wp-content\/uploads\/2026\/04\/IMG_3442-300x169.jpeg 300w, https:\/\/gerlachschule-aachen.de\/wp-content\/uploads\/2026\/04\/IMG_3442-768x432.jpeg 768w, https:\/\/gerlachschule-aachen.de\/wp-content\/uploads\/2026\/04\/IMG_3442-1536x864.jpeg 1536w, https:\/\/gerlachschule-aachen.de\/wp-content\/uploads\/2026\/04\/IMG_3442-2048x1152.jpeg 2048w\" sizes=\"auto, (max-width: 767px) 89vw, (max-width: 1000px) 54vw, (max-width: 1071px) 543px, 580px\" \/><\/figure>\n\n\n\n<figure class=\"wp-block-image size-large\"><img loading=\"lazy\" decoding=\"async\" width=\"1024\" height=\"576\" data-id=\"5598\" src=\"https:\/\/gerlachschule-aachen.de\/wp-content\/uploads\/2026\/04\/IMG_3444-1024x576.jpeg\" alt=\"\" class=\"wp-image-5598\" srcset=\"https:\/\/gerlachschule-aachen.de\/wp-content\/uploads\/2026\/04\/IMG_3444-1024x576.jpeg 1024w, https:\/\/gerlachschule-aachen.de\/wp-content\/uploads\/2026\/04\/IMG_3444-300x169.jpeg 300w, https:\/\/gerlachschule-aachen.de\/wp-content\/uploads\/2026\/04\/IMG_3444-768x432.jpeg 768w, https:\/\/gerlachschule-aachen.de\/wp-content\/uploads\/2026\/04\/IMG_3444-1536x864.jpeg 1536w, https:\/\/gerlachschule-aachen.de\/wp-content\/uploads\/2026\/04\/IMG_3444-2048x1152.jpeg 2048w\" sizes=\"auto, (max-width: 767px) 89vw, (max-width: 1000px) 54vw, (max-width: 1071px) 543px, 580px\" \/><\/figure>\n\n\n\n<figure class=\"wp-block-image size-large\"><img loading=\"lazy\" decoding=\"async\" width=\"576\" height=\"1024\" data-id=\"5597\" src=\"https:\/\/gerlachschule-aachen.de\/wp-content\/uploads\/2026\/04\/IMG_3445-576x1024.jpeg\" alt=\"\" class=\"wp-image-5597\" srcset=\"https:\/\/gerlachschule-aachen.de\/wp-content\/uploads\/2026\/04\/IMG_3445-576x1024.jpeg 576w, https:\/\/gerlachschule-aachen.de\/wp-content\/uploads\/2026\/04\/IMG_3445-169x300.jpeg 169w, https:\/\/gerlachschule-aachen.de\/wp-content\/uploads\/2026\/04\/IMG_3445-768x1365.jpeg 768w, https:\/\/gerlachschule-aachen.de\/wp-content\/uploads\/2026\/04\/IMG_3445-864x1536.jpeg 864w, https:\/\/gerlachschule-aachen.de\/wp-content\/uploads\/2026\/04\/IMG_3445-1152x2048.jpeg 1152w, https:\/\/gerlachschule-aachen.de\/wp-content\/uploads\/2026\/04\/IMG_3445-scaled.jpeg 1440w\" sizes=\"auto, (max-width: 576px) 100vw, 576px\" \/><\/figure>\n\n\n\n<figure class=\"wp-block-image size-large\"><img loading=\"lazy\" decoding=\"async\" width=\"1024\" height=\"576\" data-id=\"5595\" src=\"https:\/\/gerlachschule-aachen.de\/wp-content\/uploads\/2026\/04\/IMG_3450-1024x576.jpeg\" alt=\"\" class=\"wp-image-5595\" srcset=\"https:\/\/gerlachschule-aachen.de\/wp-content\/uploads\/2026\/04\/IMG_3450-1024x576.jpeg 1024w, https:\/\/gerlachschule-aachen.de\/wp-content\/uploads\/2026\/04\/IMG_3450-300x169.jpeg 300w, https:\/\/gerlachschule-aachen.de\/wp-content\/uploads\/2026\/04\/IMG_3450-768x432.jpeg 768w, https:\/\/gerlachschule-aachen.de\/wp-content\/uploads\/2026\/04\/IMG_3450-1536x864.jpeg 1536w, https:\/\/gerlachschule-aachen.de\/wp-content\/uploads\/2026\/04\/IMG_3450-2048x1152.jpeg 2048w\" sizes=\"auto, (max-width: 767px) 89vw, (max-width: 1000px) 54vw, (max-width: 1071px) 543px, 580px\" \/><\/figure>\n\n\n\n<figure class=\"wp-block-image size-large\"><img loading=\"lazy\" decoding=\"async\" width=\"1024\" height=\"576\" data-id=\"5603\" src=\"https:\/\/gerlachschule-aachen.de\/wp-content\/uploads\/2026\/04\/IMG_3438-1024x576.jpeg\" alt=\"\" class=\"wp-image-5603\" srcset=\"https:\/\/gerlachschule-aachen.de\/wp-content\/uploads\/2026\/04\/IMG_3438-1024x576.jpeg 1024w, https:\/\/gerlachschule-aachen.de\/wp-content\/uploads\/2026\/04\/IMG_3438-300x169.jpeg 300w, https:\/\/gerlachschule-aachen.de\/wp-content\/uploads\/2026\/04\/IMG_3438-768x432.jpeg 768w, https:\/\/gerlachschule-aachen.de\/wp-content\/uploads\/2026\/04\/IMG_3438-1536x864.jpeg 1536w, https:\/\/gerlachschule-aachen.de\/wp-content\/uploads\/2026\/04\/IMG_3438-2048x1152.jpeg 2048w\" sizes=\"auto, (max-width: 767px) 89vw, (max-width: 1000px) 54vw, (max-width: 1071px) 543px, 580px\" \/><\/figure>\n\n\n\n<figure class=\"wp-block-image size-large\"><img loading=\"lazy\" decoding=\"async\" width=\"1024\" height=\"576\" data-id=\"5594\" src=\"https:\/\/gerlachschule-aachen.de\/wp-content\/uploads\/2026\/04\/IMG_3452-1024x576.jpeg\" alt=\"\" class=\"wp-image-5594\" srcset=\"https:\/\/gerlachschule-aachen.de\/wp-content\/uploads\/2026\/04\/IMG_3452-1024x576.jpeg 1024w, https:\/\/gerlachschule-aachen.de\/wp-content\/uploads\/2026\/04\/IMG_3452-300x169.jpeg 300w, https:\/\/gerlachschule-aachen.de\/wp-content\/uploads\/2026\/04\/IMG_3452-768x432.jpeg 768w, https:\/\/gerlachschule-aachen.de\/wp-content\/uploads\/2026\/04\/IMG_3452-1536x864.jpeg 1536w, https:\/\/gerlachschule-aachen.de\/wp-content\/uploads\/2026\/04\/IMG_3452-2048x1152.jpeg 2048w\" sizes=\"auto, (max-width: 767px) 89vw, (max-width: 1000px) 54vw, (max-width: 1071px) 543px, 580px\" \/><\/figure>\n<\/figure>\n\n\n\n<p class=\"has-text-align-center has-pale-cyan-blue-background-color has-background has-medium-font-size\"><strong>Autorenlesung &#8222;Der Kinderfresser&#8220; mit Klaus Strenge<\/strong><\/p>\n\n\n\n<p>Am Dienstag, 13. Mai und Dienstag, 14. Mai 2025 hatten wir den &#8222;Kinderfresser&#8220; mit Klaus Strenge zu Besuch. Alle Kinder der Gerlachschule hatten einen riesen Spa\u00df den spannenden Geschichten von Klaus Strenge zu folgen. Mit viel Bewegung und Musik machte der Autor die Lesung zu etwas ganz Besonderem. Vielen Dank an die Unterst\u00fctzung durch unseren F\u00f6rderverein und die Sparda Bank. <\/p>\n\n\n\n<figure class=\"wp-block-gallery has-nested-images columns-default is-cropped wp-block-gallery-14 is-layout-flex wp-block-gallery-is-layout-flex\">\n<figure class=\"wp-block-image size-large\"><img loading=\"lazy\" decoding=\"async\" width=\"576\" height=\"1024\" data-id=\"4774\" src=\"https:\/\/gerlachschule-aachen.de\/wp-content\/uploads\/2025\/05\/IMG_2001_1-576x1024.jpg\" alt=\"\" class=\"wp-image-4774\" srcset=\"https:\/\/gerlachschule-aachen.de\/wp-content\/uploads\/2025\/05\/IMG_2001_1-576x1024.jpg 576w, https:\/\/gerlachschule-aachen.de\/wp-content\/uploads\/2025\/05\/IMG_2001_1-169x300.jpg 169w, https:\/\/gerlachschule-aachen.de\/wp-content\/uploads\/2025\/05\/IMG_2001_1-768x1365.jpg 768w, https:\/\/gerlachschule-aachen.de\/wp-content\/uploads\/2025\/05\/IMG_2001_1-864x1536.jpg 864w, https:\/\/gerlachschule-aachen.de\/wp-content\/uploads\/2025\/05\/IMG_2001_1-1152x2048.jpg 1152w, https:\/\/gerlachschule-aachen.de\/wp-content\/uploads\/2025\/05\/IMG_2001_1-scaled.jpg 1440w\" sizes=\"auto, (max-width: 576px) 100vw, 576px\" \/><\/figure>\n\n\n\n<figure class=\"wp-block-image size-large\"><img loading=\"lazy\" decoding=\"async\" width=\"1024\" height=\"576\" data-id=\"4775\" src=\"https:\/\/gerlachschule-aachen.de\/wp-content\/uploads\/2025\/05\/IMG_2002-1024x576.jpg\" alt=\"\" class=\"wp-image-4775\" srcset=\"https:\/\/gerlachschule-aachen.de\/wp-content\/uploads\/2025\/05\/IMG_2002-1024x576.jpg 1024w, https:\/\/gerlachschule-aachen.de\/wp-content\/uploads\/2025\/05\/IMG_2002-300x169.jpg 300w, https:\/\/gerlachschule-aachen.de\/wp-content\/uploads\/2025\/05\/IMG_2002-768x432.jpg 768w, https:\/\/gerlachschule-aachen.de\/wp-content\/uploads\/2025\/05\/IMG_2002-1536x864.jpg 1536w, https:\/\/gerlachschule-aachen.de\/wp-content\/uploads\/2025\/05\/IMG_2002-2048x1152.jpg 2048w\" sizes=\"auto, (max-width: 767px) 89vw, (max-width: 1000px) 54vw, (max-width: 1071px) 543px, 580px\" \/><\/figure>\n\n\n\n<figure class=\"wp-block-image size-large\"><img loading=\"lazy\" decoding=\"async\" width=\"1024\" height=\"576\" data-id=\"4776\" src=\"https:\/\/gerlachschule-aachen.de\/wp-content\/uploads\/2025\/05\/IMG_2003-1024x576.jpg\" alt=\"\" class=\"wp-image-4776\" srcset=\"https:\/\/gerlachschule-aachen.de\/wp-content\/uploads\/2025\/05\/IMG_2003-1024x576.jpg 1024w, https:\/\/gerlachschule-aachen.de\/wp-content\/uploads\/2025\/05\/IMG_2003-300x169.jpg 300w, https:\/\/gerlachschule-aachen.de\/wp-content\/uploads\/2025\/05\/IMG_2003-768x432.jpg 768w, https:\/\/gerlachschule-aachen.de\/wp-content\/uploads\/2025\/05\/IMG_2003-1536x864.jpg 1536w, https:\/\/gerlachschule-aachen.de\/wp-content\/uploads\/2025\/05\/IMG_2003-2048x1152.jpg 2048w\" sizes=\"auto, (max-width: 767px) 89vw, (max-width: 1000px) 54vw, (max-width: 1071px) 543px, 580px\" \/><\/figure>\n\n\n\n<figure class=\"wp-block-image size-large\"><img loading=\"lazy\" decoding=\"async\" width=\"1024\" height=\"576\" data-id=\"4778\" src=\"https:\/\/gerlachschule-aachen.de\/wp-content\/uploads\/2025\/05\/IMG_2005_1-1024x576.jpg\" alt=\"\" class=\"wp-image-4778\" srcset=\"https:\/\/gerlachschule-aachen.de\/wp-content\/uploads\/2025\/05\/IMG_2005_1-1024x576.jpg 1024w, https:\/\/gerlachschule-aachen.de\/wp-content\/uploads\/2025\/05\/IMG_2005_1-300x169.jpg 300w, https:\/\/gerlachschule-aachen.de\/wp-content\/uploads\/2025\/05\/IMG_2005_1-768x432.jpg 768w, https:\/\/gerlachschule-aachen.de\/wp-content\/uploads\/2025\/05\/IMG_2005_1-1536x864.jpg 1536w, https:\/\/gerlachschule-aachen.de\/wp-content\/uploads\/2025\/05\/IMG_2005_1-2048x1152.jpg 2048w\" sizes=\"auto, (max-width: 767px) 89vw, (max-width: 1000px) 54vw, (max-width: 1071px) 543px, 580px\" \/><\/figure>\n<\/figure>\n\n\n\n<p><\/p>\n\n\n\n<p class=\"has-text-align-center has-luminous-vivid-amber-background-color has-background has-medium-font-size\"><strong>St\u00e4dteregionsmeisterschaft am Tivoli<\/strong><\/p>\n\n\n\n<p>Am Freitag, 16. Mai 2025 durfte unsere Jungen- und M\u00e4dchenfu\u00dfballmannschaft an der Endrunde der St\u00e4dteregionsmeisterschaft am Tivoli teilnehmen. Was f\u00fcr ein gro\u00dfer Erfolg! Die Klassen 2, 3 und 4 begleiteten die Spieler zum Anfeuern und Motivieren. Es war ein aufregender Tag. Wir sind sehr stolz auf unsere Spieler*innen, dass sie es soweit gebracht haben. Ein ganz besonderer Dank geht an das Trainerteam!<\/p>\n\n\n\n<figure class=\"wp-block-gallery has-nested-images columns-default is-cropped wp-block-gallery-15 is-layout-flex wp-block-gallery-is-layout-flex\">\n<figure class=\"wp-block-image size-large\"><img loading=\"lazy\" decoding=\"async\" width=\"768\" height=\"1024\" data-id=\"4798\" src=\"https:\/\/gerlachschule-aachen.de\/wp-content\/uploads\/2025\/05\/PHOTO-2025-05-19-10-24-33-768x1024.jpg\" alt=\"\" class=\"wp-image-4798\" srcset=\"https:\/\/gerlachschule-aachen.de\/wp-content\/uploads\/2025\/05\/PHOTO-2025-05-19-10-24-33-768x1024.jpg 768w, https:\/\/gerlachschule-aachen.de\/wp-content\/uploads\/2025\/05\/PHOTO-2025-05-19-10-24-33-225x300.jpg 225w, https:\/\/gerlachschule-aachen.de\/wp-content\/uploads\/2025\/05\/PHOTO-2025-05-19-10-24-33-1152x1536.jpg 1152w, https:\/\/gerlachschule-aachen.de\/wp-content\/uploads\/2025\/05\/PHOTO-2025-05-19-10-24-33.jpg 1200w\" sizes=\"auto, (max-width: 767px) 89vw, (max-width: 1000px) 54vw, (max-width: 1071px) 543px, 580px\" \/><\/figure>\n\n\n\n<figure class=\"wp-block-image size-large\"><img loading=\"lazy\" decoding=\"async\" width=\"768\" height=\"1024\" data-id=\"4799\" src=\"https:\/\/gerlachschule-aachen.de\/wp-content\/uploads\/2025\/05\/PHOTO-2025-05-19-10-24-33_4-768x1024.jpg\" alt=\"\" class=\"wp-image-4799\" srcset=\"https:\/\/gerlachschule-aachen.de\/wp-content\/uploads\/2025\/05\/PHOTO-2025-05-19-10-24-33_4-768x1024.jpg 768w, https:\/\/gerlachschule-aachen.de\/wp-content\/uploads\/2025\/05\/PHOTO-2025-05-19-10-24-33_4-225x300.jpg 225w, https:\/\/gerlachschule-aachen.de\/wp-content\/uploads\/2025\/05\/PHOTO-2025-05-19-10-24-33_4-1152x1536.jpg 1152w, https:\/\/gerlachschule-aachen.de\/wp-content\/uploads\/2025\/05\/PHOTO-2025-05-19-10-24-33_4.jpg 1200w\" sizes=\"auto, (max-width: 767px) 89vw, (max-width: 1000px) 54vw, (max-width: 1071px) 543px, 580px\" \/><\/figure>\n\n\n\n<figure class=\"wp-block-image size-large\"><img loading=\"lazy\" decoding=\"async\" width=\"768\" height=\"1024\" data-id=\"4800\" src=\"https:\/\/gerlachschule-aachen.de\/wp-content\/uploads\/2025\/05\/PHOTO-2025-05-19-10-24-33_5-768x1024.jpg\" alt=\"\" class=\"wp-image-4800\" srcset=\"https:\/\/gerlachschule-aachen.de\/wp-content\/uploads\/2025\/05\/PHOTO-2025-05-19-10-24-33_5-768x1024.jpg 768w, https:\/\/gerlachschule-aachen.de\/wp-content\/uploads\/2025\/05\/PHOTO-2025-05-19-10-24-33_5-225x300.jpg 225w, https:\/\/gerlachschule-aachen.de\/wp-content\/uploads\/2025\/05\/PHOTO-2025-05-19-10-24-33_5-1152x1536.jpg 1152w, https:\/\/gerlachschule-aachen.de\/wp-content\/uploads\/2025\/05\/PHOTO-2025-05-19-10-24-33_5.jpg 1200w\" sizes=\"auto, (max-width: 767px) 89vw, (max-width: 1000px) 54vw, (max-width: 1071px) 543px, 580px\" \/><\/figure>\n\n\n\n<figure class=\"wp-block-image size-large\"><img loading=\"lazy\" decoding=\"async\" width=\"1024\" height=\"768\" data-id=\"4801\" src=\"https:\/\/gerlachschule-aachen.de\/wp-content\/uploads\/2025\/05\/PHOTO-2025-05-19-10-24-34_4-1024x768.jpg\" alt=\"\" class=\"wp-image-4801\" srcset=\"https:\/\/gerlachschule-aachen.de\/wp-content\/uploads\/2025\/05\/PHOTO-2025-05-19-10-24-34_4-1024x768.jpg 1024w, https:\/\/gerlachschule-aachen.de\/wp-content\/uploads\/2025\/05\/PHOTO-2025-05-19-10-24-34_4-300x225.jpg 300w, https:\/\/gerlachschule-aachen.de\/wp-content\/uploads\/2025\/05\/PHOTO-2025-05-19-10-24-34_4-768x576.jpg 768w, https:\/\/gerlachschule-aachen.de\/wp-content\/uploads\/2025\/05\/PHOTO-2025-05-19-10-24-34_4-1536x1152.jpg 1536w, https:\/\/gerlachschule-aachen.de\/wp-content\/uploads\/2025\/05\/PHOTO-2025-05-19-10-24-34_4.jpg 1600w\" sizes=\"auto, (max-width: 767px) 89vw, (max-width: 1000px) 54vw, (max-width: 1071px) 543px, 580px\" \/><\/figure>\n\n\n\n<figure class=\"wp-block-image size-large\"><img loading=\"lazy\" decoding=\"async\" width=\"1024\" height=\"768\" data-id=\"4802\" src=\"https:\/\/gerlachschule-aachen.de\/wp-content\/uploads\/2025\/05\/PHOTO-2025-05-19-10-24-34_5-1024x768.jpg\" alt=\"\" class=\"wp-image-4802\" srcset=\"https:\/\/gerlachschule-aachen.de\/wp-content\/uploads\/2025\/05\/PHOTO-2025-05-19-10-24-34_5-1024x768.jpg 1024w, https:\/\/gerlachschule-aachen.de\/wp-content\/uploads\/2025\/05\/PHOTO-2025-05-19-10-24-34_5-300x225.jpg 300w, https:\/\/gerlachschule-aachen.de\/wp-content\/uploads\/2025\/05\/PHOTO-2025-05-19-10-24-34_5-768x576.jpg 768w, https:\/\/gerlachschule-aachen.de\/wp-content\/uploads\/2025\/05\/PHOTO-2025-05-19-10-24-34_5-1536x1152.jpg 1536w, https:\/\/gerlachschule-aachen.de\/wp-content\/uploads\/2025\/05\/PHOTO-2025-05-19-10-24-34_5.jpg 1600w\" sizes=\"auto, (max-width: 767px) 89vw, (max-width: 1000px) 54vw, (max-width: 1071px) 543px, 580px\" \/><\/figure>\n\n\n\n<figure class=\"wp-block-image size-large\"><img loading=\"lazy\" decoding=\"async\" width=\"768\" height=\"1024\" data-id=\"4803\" src=\"https:\/\/gerlachschule-aachen.de\/wp-content\/uploads\/2025\/05\/PHOTO-2025-05-19-10-24-34_6-768x1024.jpg\" alt=\"\" class=\"wp-image-4803\" srcset=\"https:\/\/gerlachschule-aachen.de\/wp-content\/uploads\/2025\/05\/PHOTO-2025-05-19-10-24-34_6-768x1024.jpg 768w, https:\/\/gerlachschule-aachen.de\/wp-content\/uploads\/2025\/05\/PHOTO-2025-05-19-10-24-34_6-225x300.jpg 225w, https:\/\/gerlachschule-aachen.de\/wp-content\/uploads\/2025\/05\/PHOTO-2025-05-19-10-24-34_6-1152x1536.jpg 1152w, https:\/\/gerlachschule-aachen.de\/wp-content\/uploads\/2025\/05\/PHOTO-2025-05-19-10-24-34_6.jpg 1200w\" sizes=\"auto, (max-width: 767px) 89vw, (max-width: 1000px) 54vw, (max-width: 1071px) 543px, 580px\" \/><\/figure>\n<\/figure>\n\n\n\n<p class=\"has-text-align-center has-vivid-green-cyan-background-color has-background has-medium-font-size\"><strong>Sportfest im Waldstadion <\/strong><\/p>\n\n\n\n<p>Am Donnerstag, 12. Juni 2025 haben wir f\u00fcr unser Sportfest das Waldstadion besucht. Es war ein wundersch\u00f6ner Tag. Viele Eltern haben uns tatkr\u00e4ftig an den Stationen unterst\u00fctzt. Herzlichen Dank daf\u00fcr! <\/p>\n\n\n\n<figure class=\"wp-block-image size-large\"><img loading=\"lazy\" decoding=\"async\" width=\"1024\" height=\"768\" src=\"https:\/\/gerlachschule-aachen.de\/wp-content\/uploads\/2025\/06\/PHOTO-2025-06-24-08-51-10-1024x768.jpg\" alt=\"\" class=\"wp-image-4892\" srcset=\"https:\/\/gerlachschule-aachen.de\/wp-content\/uploads\/2025\/06\/PHOTO-2025-06-24-08-51-10-1024x768.jpg 1024w, https:\/\/gerlachschule-aachen.de\/wp-content\/uploads\/2025\/06\/PHOTO-2025-06-24-08-51-10-300x225.jpg 300w, https:\/\/gerlachschule-aachen.de\/wp-content\/uploads\/2025\/06\/PHOTO-2025-06-24-08-51-10-768x576.jpg 768w, https:\/\/gerlachschule-aachen.de\/wp-content\/uploads\/2025\/06\/PHOTO-2025-06-24-08-51-10-1536x1152.jpg 1536w, https:\/\/gerlachschule-aachen.de\/wp-content\/uploads\/2025\/06\/PHOTO-2025-06-24-08-51-10.jpg 1600w\" sizes=\"auto, (max-width: 767px) 89vw, (max-width: 1000px) 54vw, (max-width: 1071px) 543px, 580px\" \/><\/figure>\n\n\n\n<figure class=\"wp-block-gallery has-nested-images columns-default is-cropped wp-block-gallery-16 is-layout-flex wp-block-gallery-is-layout-flex\">\n<figure class=\"wp-block-image size-large\"><img loading=\"lazy\" decoding=\"async\" width=\"1024\" height=\"768\" data-id=\"4881\" src=\"https:\/\/gerlachschule-aachen.de\/wp-content\/uploads\/2025\/06\/PHOTO-2025-06-24-08-51-11-1-1024x768.jpg\" alt=\"\" class=\"wp-image-4881\" srcset=\"https:\/\/gerlachschule-aachen.de\/wp-content\/uploads\/2025\/06\/PHOTO-2025-06-24-08-51-11-1-1024x768.jpg 1024w, https:\/\/gerlachschule-aachen.de\/wp-content\/uploads\/2025\/06\/PHOTO-2025-06-24-08-51-11-1-300x225.jpg 300w, https:\/\/gerlachschule-aachen.de\/wp-content\/uploads\/2025\/06\/PHOTO-2025-06-24-08-51-11-1-768x576.jpg 768w, https:\/\/gerlachschule-aachen.de\/wp-content\/uploads\/2025\/06\/PHOTO-2025-06-24-08-51-11-1-1536x1152.jpg 1536w, https:\/\/gerlachschule-aachen.de\/wp-content\/uploads\/2025\/06\/PHOTO-2025-06-24-08-51-11-1.jpg 1600w\" sizes=\"auto, (max-width: 767px) 89vw, (max-width: 1000px) 54vw, (max-width: 1071px) 543px, 580px\" \/><\/figure>\n\n\n\n<figure class=\"wp-block-image size-large\"><img loading=\"lazy\" decoding=\"async\" width=\"1024\" height=\"768\" data-id=\"4883\" src=\"https:\/\/gerlachschule-aachen.de\/wp-content\/uploads\/2025\/06\/PHOTO-2025-06-24-08-51-11_1-1024x768.jpg\" alt=\"\" class=\"wp-image-4883\" srcset=\"https:\/\/gerlachschule-aachen.de\/wp-content\/uploads\/2025\/06\/PHOTO-2025-06-24-08-51-11_1-1024x768.jpg 1024w, https:\/\/gerlachschule-aachen.de\/wp-content\/uploads\/2025\/06\/PHOTO-2025-06-24-08-51-11_1-300x225.jpg 300w, https:\/\/gerlachschule-aachen.de\/wp-content\/uploads\/2025\/06\/PHOTO-2025-06-24-08-51-11_1-768x576.jpg 768w, https:\/\/gerlachschule-aachen.de\/wp-content\/uploads\/2025\/06\/PHOTO-2025-06-24-08-51-11_1-1536x1152.jpg 1536w, https:\/\/gerlachschule-aachen.de\/wp-content\/uploads\/2025\/06\/PHOTO-2025-06-24-08-51-11_1.jpg 1600w\" sizes=\"auto, (max-width: 767px) 89vw, (max-width: 1000px) 54vw, (max-width: 1071px) 543px, 580px\" \/><\/figure>\n\n\n\n<figure class=\"wp-block-image size-large\"><img loading=\"lazy\" decoding=\"async\" width=\"1024\" height=\"768\" data-id=\"4884\" src=\"https:\/\/gerlachschule-aachen.de\/wp-content\/uploads\/2025\/06\/PHOTO-2025-06-24-08-51-14-1024x768.jpg\" alt=\"\" class=\"wp-image-4884\" srcset=\"https:\/\/gerlachschule-aachen.de\/wp-content\/uploads\/2025\/06\/PHOTO-2025-06-24-08-51-14-1024x768.jpg 1024w, https:\/\/gerlachschule-aachen.de\/wp-content\/uploads\/2025\/06\/PHOTO-2025-06-24-08-51-14-300x225.jpg 300w, https:\/\/gerlachschule-aachen.de\/wp-content\/uploads\/2025\/06\/PHOTO-2025-06-24-08-51-14-768x576.jpg 768w, https:\/\/gerlachschule-aachen.de\/wp-content\/uploads\/2025\/06\/PHOTO-2025-06-24-08-51-14-1536x1152.jpg 1536w, https:\/\/gerlachschule-aachen.de\/wp-content\/uploads\/2025\/06\/PHOTO-2025-06-24-08-51-14.jpg 1600w\" sizes=\"auto, (max-width: 767px) 89vw, (max-width: 1000px) 54vw, (max-width: 1071px) 543px, 580px\" \/><\/figure>\n\n\n\n<figure class=\"wp-block-image size-large\"><img loading=\"lazy\" decoding=\"async\" width=\"1024\" height=\"768\" data-id=\"4885\" src=\"https:\/\/gerlachschule-aachen.de\/wp-content\/uploads\/2025\/06\/PHOTO-2025-06-24-08-51-16-1024x768.jpg\" alt=\"\" class=\"wp-image-4885\" srcset=\"https:\/\/gerlachschule-aachen.de\/wp-content\/uploads\/2025\/06\/PHOTO-2025-06-24-08-51-16-1024x768.jpg 1024w, https:\/\/gerlachschule-aachen.de\/wp-content\/uploads\/2025\/06\/PHOTO-2025-06-24-08-51-16-300x225.jpg 300w, https:\/\/gerlachschule-aachen.de\/wp-content\/uploads\/2025\/06\/PHOTO-2025-06-24-08-51-16-768x576.jpg 768w, https:\/\/gerlachschule-aachen.de\/wp-content\/uploads\/2025\/06\/PHOTO-2025-06-24-08-51-16-1536x1152.jpg 1536w, https:\/\/gerlachschule-aachen.de\/wp-content\/uploads\/2025\/06\/PHOTO-2025-06-24-08-51-16.jpg 1600w\" sizes=\"auto, (max-width: 767px) 89vw, (max-width: 1000px) 54vw, (max-width: 1071px) 543px, 580px\" \/><\/figure>\n\n\n\n<figure class=\"wp-block-image size-large\"><img loading=\"lazy\" decoding=\"async\" width=\"768\" height=\"1024\" data-id=\"4886\" src=\"https:\/\/gerlachschule-aachen.de\/wp-content\/uploads\/2025\/06\/PHOTO-2025-06-24-08-51-17-768x1024.jpg\" alt=\"\" class=\"wp-image-4886\" srcset=\"https:\/\/gerlachschule-aachen.de\/wp-content\/uploads\/2025\/06\/PHOTO-2025-06-24-08-51-17-768x1024.jpg 768w, https:\/\/gerlachschule-aachen.de\/wp-content\/uploads\/2025\/06\/PHOTO-2025-06-24-08-51-17-225x300.jpg 225w, https:\/\/gerlachschule-aachen.de\/wp-content\/uploads\/2025\/06\/PHOTO-2025-06-24-08-51-17-1152x1536.jpg 1152w, https:\/\/gerlachschule-aachen.de\/wp-content\/uploads\/2025\/06\/PHOTO-2025-06-24-08-51-17.jpg 1200w\" sizes=\"auto, (max-width: 767px) 89vw, (max-width: 1000px) 54vw, (max-width: 1071px) 543px, 580px\" \/><\/figure>\n\n\n\n<figure class=\"wp-block-image size-large\"><img loading=\"lazy\" decoding=\"async\" width=\"768\" height=\"1024\" data-id=\"4888\" src=\"https:\/\/gerlachschule-aachen.de\/wp-content\/uploads\/2025\/06\/PHOTO-2025-06-24-08-51-17-1-768x1024.jpg\" alt=\"\" class=\"wp-image-4888\" srcset=\"https:\/\/gerlachschule-aachen.de\/wp-content\/uploads\/2025\/06\/PHOTO-2025-06-24-08-51-17-1-768x1024.jpg 768w, https:\/\/gerlachschule-aachen.de\/wp-content\/uploads\/2025\/06\/PHOTO-2025-06-24-08-51-17-1-225x300.jpg 225w, https:\/\/gerlachschule-aachen.de\/wp-content\/uploads\/2025\/06\/PHOTO-2025-06-24-08-51-17-1-1152x1536.jpg 1152w, https:\/\/gerlachschule-aachen.de\/wp-content\/uploads\/2025\/06\/PHOTO-2025-06-24-08-51-17-1.jpg 1200w\" sizes=\"auto, (max-width: 767px) 89vw, (max-width: 1000px) 54vw, (max-width: 1071px) 543px, 580px\" \/><\/figure>\n<\/figure>\n\n\n\n<figure class=\"wp-block-gallery has-nested-images columns-default is-cropped wp-block-gallery-17 is-layout-flex wp-block-gallery-is-layout-flex\">\n<figure class=\"wp-block-image size-large\"><img loading=\"lazy\" decoding=\"async\" width=\"1024\" height=\"576\" data-id=\"4871\" src=\"https:\/\/gerlachschule-aachen.de\/wp-content\/uploads\/2025\/06\/IMG_2094_1-1024x576.jpg\" alt=\"\" class=\"wp-image-4871\" srcset=\"https:\/\/gerlachschule-aachen.de\/wp-content\/uploads\/2025\/06\/IMG_2094_1-1024x576.jpg 1024w, https:\/\/gerlachschule-aachen.de\/wp-content\/uploads\/2025\/06\/IMG_2094_1-300x169.jpg 300w, https:\/\/gerlachschule-aachen.de\/wp-content\/uploads\/2025\/06\/IMG_2094_1-768x432.jpg 768w, https:\/\/gerlachschule-aachen.de\/wp-content\/uploads\/2025\/06\/IMG_2094_1-1536x864.jpg 1536w, https:\/\/gerlachschule-aachen.de\/wp-content\/uploads\/2025\/06\/IMG_2094_1-2048x1152.jpg 2048w\" sizes=\"auto, (max-width: 767px) 89vw, (max-width: 1000px) 54vw, (max-width: 1071px) 543px, 580px\" \/><\/figure>\n\n\n\n<figure class=\"wp-block-image size-large\"><img loading=\"lazy\" decoding=\"async\" width=\"1024\" height=\"576\" data-id=\"4873\" src=\"https:\/\/gerlachschule-aachen.de\/wp-content\/uploads\/2025\/06\/IMG_2100_1-1024x576.jpg\" alt=\"\" class=\"wp-image-4873\" srcset=\"https:\/\/gerlachschule-aachen.de\/wp-content\/uploads\/2025\/06\/IMG_2100_1-1024x576.jpg 1024w, https:\/\/gerlachschule-aachen.de\/wp-content\/uploads\/2025\/06\/IMG_2100_1-300x169.jpg 300w, https:\/\/gerlachschule-aachen.de\/wp-content\/uploads\/2025\/06\/IMG_2100_1-768x432.jpg 768w, https:\/\/gerlachschule-aachen.de\/wp-content\/uploads\/2025\/06\/IMG_2100_1-1536x864.jpg 1536w, https:\/\/gerlachschule-aachen.de\/wp-content\/uploads\/2025\/06\/IMG_2100_1-2048x1152.jpg 2048w\" sizes=\"auto, (max-width: 767px) 89vw, (max-width: 1000px) 54vw, (max-width: 1071px) 543px, 580px\" \/><\/figure>\n\n\n\n<figure class=\"wp-block-image size-large\"><img loading=\"lazy\" decoding=\"async\" width=\"576\" height=\"1024\" data-id=\"4872\" src=\"https:\/\/gerlachschule-aachen.de\/wp-content\/uploads\/2025\/06\/IMG_2099_1-576x1024.jpg\" alt=\"\" class=\"wp-image-4872\" srcset=\"https:\/\/gerlachschule-aachen.de\/wp-content\/uploads\/2025\/06\/IMG_2099_1-576x1024.jpg 576w, https:\/\/gerlachschule-aachen.de\/wp-content\/uploads\/2025\/06\/IMG_2099_1-169x300.jpg 169w, https:\/\/gerlachschule-aachen.de\/wp-content\/uploads\/2025\/06\/IMG_2099_1-768x1365.jpg 768w, https:\/\/gerlachschule-aachen.de\/wp-content\/uploads\/2025\/06\/IMG_2099_1-864x1536.jpg 864w, https:\/\/gerlachschule-aachen.de\/wp-content\/uploads\/2025\/06\/IMG_2099_1-1152x2048.jpg 1152w, https:\/\/gerlachschule-aachen.de\/wp-content\/uploads\/2025\/06\/IMG_2099_1-scaled.jpg 1440w\" sizes=\"auto, (max-width: 576px) 100vw, 576px\" \/><\/figure>\n<\/figure>\n\n\n\n<p class=\"has-text-align-center has-vivid-cyan-blue-background-color has-background has-medium-font-size\"><strong>Wasserschlacht<\/strong><\/p>\n\n\n\n<p>Am Dienstag, 01. Juli 2025 haben uns die hei\u00dfen Temperaturen im Schulgeb\u00e4ude sehr zu schaffen gemacht. Was liegt da n\u00e4her als eine erfrischende Wasserschlacht! <\/p>\n\n\n\n<figure class=\"wp-block-gallery has-nested-images columns-default is-cropped wp-block-gallery-18 is-layout-flex wp-block-gallery-is-layout-flex\">\n<figure class=\"wp-block-image size-large\"><img loading=\"lazy\" decoding=\"async\" width=\"1024\" height=\"768\" data-id=\"4931\" src=\"https:\/\/gerlachschule-aachen.de\/wp-content\/uploads\/2025\/07\/threema-20250701-135305885_jpg-1024x768.jpeg\" alt=\"\" class=\"wp-image-4931\" srcset=\"https:\/\/gerlachschule-aachen.de\/wp-content\/uploads\/2025\/07\/threema-20250701-135305885_jpg-1024x768.jpeg 1024w, https:\/\/gerlachschule-aachen.de\/wp-content\/uploads\/2025\/07\/threema-20250701-135305885_jpg-300x225.jpeg 300w, https:\/\/gerlachschule-aachen.de\/wp-content\/uploads\/2025\/07\/threema-20250701-135305885_jpg-768x576.jpeg 768w, https:\/\/gerlachschule-aachen.de\/wp-content\/uploads\/2025\/07\/threema-20250701-135305885_jpg-1536x1152.jpeg 1536w, https:\/\/gerlachschule-aachen.de\/wp-content\/uploads\/2025\/07\/threema-20250701-135305885_jpg.jpeg 1600w\" sizes=\"auto, (max-width: 767px) 89vw, (max-width: 1000px) 54vw, (max-width: 1071px) 543px, 580px\" \/><\/figure>\n\n\n\n<figure class=\"wp-block-image size-large\"><img loading=\"lazy\" decoding=\"async\" width=\"768\" height=\"1024\" data-id=\"4932\" src=\"https:\/\/gerlachschule-aachen.de\/wp-content\/uploads\/2025\/07\/threema-20250701-135307667_jpg-768x1024.jpeg\" alt=\"\" class=\"wp-image-4932\" srcset=\"https:\/\/gerlachschule-aachen.de\/wp-content\/uploads\/2025\/07\/threema-20250701-135307667_jpg-768x1024.jpeg 768w, https:\/\/gerlachschule-aachen.de\/wp-content\/uploads\/2025\/07\/threema-20250701-135307667_jpg-225x300.jpeg 225w, https:\/\/gerlachschule-aachen.de\/wp-content\/uploads\/2025\/07\/threema-20250701-135307667_jpg-1152x1536.jpeg 1152w, https:\/\/gerlachschule-aachen.de\/wp-content\/uploads\/2025\/07\/threema-20250701-135307667_jpg.jpeg 1200w\" sizes=\"auto, (max-width: 767px) 89vw, (max-width: 1000px) 54vw, (max-width: 1071px) 543px, 580px\" \/><\/figure>\n<\/figure>\n\n\n\n<p><\/p>\n\n\n\n<p class=\"has-text-align-center has-vivid-cyan-blue-background-color has-background has-medium-font-size\"><strong>Friedenslauf 2025<\/strong><\/p>\n\n\n\n<p>Am Freitag, 04. Juli 2025 haben wir am Friedenslauf teilgenommen. Die Kinder der Klassen 2 bis 4 sind hochmotiviert ihre Runden f\u00fcr den Frieden gelaufen. <\/p>\n\n\n\n<figure class=\"wp-block-gallery has-nested-images columns-default is-cropped wp-block-gallery-19 is-layout-flex wp-block-gallery-is-layout-flex\">\n<figure class=\"wp-block-image size-large\"><img loading=\"lazy\" decoding=\"async\" width=\"1024\" height=\"576\" data-id=\"5024\" src=\"https:\/\/gerlachschule-aachen.de\/wp-content\/uploads\/2025\/07\/E3A78A34-AAD4-4735-A8BE-D6EE6FCDFBBE-1024x576.jpg\" alt=\"\" class=\"wp-image-5024\" srcset=\"https:\/\/gerlachschule-aachen.de\/wp-content\/uploads\/2025\/07\/E3A78A34-AAD4-4735-A8BE-D6EE6FCDFBBE-1024x576.jpg 1024w, https:\/\/gerlachschule-aachen.de\/wp-content\/uploads\/2025\/07\/E3A78A34-AAD4-4735-A8BE-D6EE6FCDFBBE-300x169.jpg 300w, https:\/\/gerlachschule-aachen.de\/wp-content\/uploads\/2025\/07\/E3A78A34-AAD4-4735-A8BE-D6EE6FCDFBBE-768x432.jpg 768w, https:\/\/gerlachschule-aachen.de\/wp-content\/uploads\/2025\/07\/E3A78A34-AAD4-4735-A8BE-D6EE6FCDFBBE-1536x864.jpg 1536w, https:\/\/gerlachschule-aachen.de\/wp-content\/uploads\/2025\/07\/E3A78A34-AAD4-4735-A8BE-D6EE6FCDFBBE-2048x1152.jpg 2048w\" sizes=\"auto, (max-width: 767px) 89vw, (max-width: 1000px) 54vw, (max-width: 1071px) 543px, 580px\" \/><\/figure>\n\n\n\n<figure class=\"wp-block-image size-large\"><img loading=\"lazy\" decoding=\"async\" width=\"1024\" height=\"576\" data-id=\"5025\" src=\"https:\/\/gerlachschule-aachen.de\/wp-content\/uploads\/2025\/07\/6D3AAE82-7713-40EB-BC14-923AA9720188-1024x576.jpg\" alt=\"\" class=\"wp-image-5025\" srcset=\"https:\/\/gerlachschule-aachen.de\/wp-content\/uploads\/2025\/07\/6D3AAE82-7713-40EB-BC14-923AA9720188-1024x576.jpg 1024w, https:\/\/gerlachschule-aachen.de\/wp-content\/uploads\/2025\/07\/6D3AAE82-7713-40EB-BC14-923AA9720188-300x169.jpg 300w, https:\/\/gerlachschule-aachen.de\/wp-content\/uploads\/2025\/07\/6D3AAE82-7713-40EB-BC14-923AA9720188-768x432.jpg 768w, https:\/\/gerlachschule-aachen.de\/wp-content\/uploads\/2025\/07\/6D3AAE82-7713-40EB-BC14-923AA9720188-1536x864.jpg 1536w, https:\/\/gerlachschule-aachen.de\/wp-content\/uploads\/2025\/07\/6D3AAE82-7713-40EB-BC14-923AA9720188-2048x1152.jpg 2048w\" sizes=\"auto, (max-width: 767px) 89vw, (max-width: 1000px) 54vw, (max-width: 1071px) 543px, 580px\" \/><\/figure>\n<\/figure>\n\n\n\n<p><\/p>\n\n\n\n<p class=\"has-text-align-center has-light-green-cyan-background-color has-background has-medium-font-size\"><strong>Der Eismann kommt zur Gerlachschule<\/strong><\/p>\n\n\n\n<p>Kurz vor den Sommerferien besucht uns Udo\u00b4s Eiswagen! Was f\u00fcr eine gelungene \u00dcberraschung! Herzlichen Dank an unseren F\u00f6rderverein, der dies m\u00f6glich machte!!<\/p>\n\n\n\n<figure class=\"wp-block-gallery has-nested-images columns-default is-cropped wp-block-gallery-20 is-layout-flex wp-block-gallery-is-layout-flex\">\n<figure class=\"wp-block-image size-large\"><img loading=\"lazy\" decoding=\"async\" width=\"1024\" height=\"576\" data-id=\"5053\" src=\"https:\/\/gerlachschule-aachen.de\/wp-content\/uploads\/2025\/07\/IMG_2185-1024x576.jpg\" alt=\"\" class=\"wp-image-5053\" srcset=\"https:\/\/gerlachschule-aachen.de\/wp-content\/uploads\/2025\/07\/IMG_2185-1024x576.jpg 1024w, https:\/\/gerlachschule-aachen.de\/wp-content\/uploads\/2025\/07\/IMG_2185-300x169.jpg 300w, https:\/\/gerlachschule-aachen.de\/wp-content\/uploads\/2025\/07\/IMG_2185-768x432.jpg 768w, https:\/\/gerlachschule-aachen.de\/wp-content\/uploads\/2025\/07\/IMG_2185-1536x864.jpg 1536w, https:\/\/gerlachschule-aachen.de\/wp-content\/uploads\/2025\/07\/IMG_2185-2048x1152.jpg 2048w\" sizes=\"auto, (max-width: 767px) 89vw, (max-width: 1000px) 54vw, (max-width: 1071px) 543px, 580px\" \/><\/figure>\n\n\n\n<figure class=\"wp-block-image size-large\"><img loading=\"lazy\" decoding=\"async\" width=\"1024\" height=\"576\" data-id=\"5054\" src=\"https:\/\/gerlachschule-aachen.de\/wp-content\/uploads\/2025\/07\/IMG_2186-1024x576.jpg\" alt=\"\" class=\"wp-image-5054\" srcset=\"https:\/\/gerlachschule-aachen.de\/wp-content\/uploads\/2025\/07\/IMG_2186-1024x576.jpg 1024w, https:\/\/gerlachschule-aachen.de\/wp-content\/uploads\/2025\/07\/IMG_2186-300x169.jpg 300w, https:\/\/gerlachschule-aachen.de\/wp-content\/uploads\/2025\/07\/IMG_2186-768x432.jpg 768w, https:\/\/gerlachschule-aachen.de\/wp-content\/uploads\/2025\/07\/IMG_2186-1536x864.jpg 1536w, https:\/\/gerlachschule-aachen.de\/wp-content\/uploads\/2025\/07\/IMG_2186-2048x1152.jpg 2048w\" sizes=\"auto, (max-width: 767px) 89vw, (max-width: 1000px) 54vw, (max-width: 1071px) 543px, 580px\" \/><\/figure>\n\n\n\n<figure class=\"wp-block-image size-large\"><img loading=\"lazy\" decoding=\"async\" width=\"1024\" height=\"576\" data-id=\"5055\" src=\"https:\/\/gerlachschule-aachen.de\/wp-content\/uploads\/2025\/07\/IMG_2190-1024x576.jpg\" alt=\"\" class=\"wp-image-5055\" srcset=\"https:\/\/gerlachschule-aachen.de\/wp-content\/uploads\/2025\/07\/IMG_2190-1024x576.jpg 1024w, https:\/\/gerlachschule-aachen.de\/wp-content\/uploads\/2025\/07\/IMG_2190-300x169.jpg 300w, https:\/\/gerlachschule-aachen.de\/wp-content\/uploads\/2025\/07\/IMG_2190-768x432.jpg 768w, https:\/\/gerlachschule-aachen.de\/wp-content\/uploads\/2025\/07\/IMG_2190-1536x864.jpg 1536w, https:\/\/gerlachschule-aachen.de\/wp-content\/uploads\/2025\/07\/IMG_2190-2048x1152.jpg 2048w\" sizes=\"auto, (max-width: 767px) 89vw, (max-width: 1000px) 54vw, (max-width: 1071px) 543px, 580px\" \/><\/figure>\n\n\n\n<figure class=\"wp-block-image size-large\"><img loading=\"lazy\" decoding=\"async\" width=\"1024\" height=\"576\" data-id=\"5056\" src=\"https:\/\/gerlachschule-aachen.de\/wp-content\/uploads\/2025\/07\/IMG_2192-1024x576.jpg\" alt=\"\" class=\"wp-image-5056\" srcset=\"https:\/\/gerlachschule-aachen.de\/wp-content\/uploads\/2025\/07\/IMG_2192-1024x576.jpg 1024w, https:\/\/gerlachschule-aachen.de\/wp-content\/uploads\/2025\/07\/IMG_2192-300x169.jpg 300w, https:\/\/gerlachschule-aachen.de\/wp-content\/uploads\/2025\/07\/IMG_2192-768x432.jpg 768w, https:\/\/gerlachschule-aachen.de\/wp-content\/uploads\/2025\/07\/IMG_2192-1536x864.jpg 1536w, https:\/\/gerlachschule-aachen.de\/wp-content\/uploads\/2025\/07\/IMG_2192-2048x1152.jpg 2048w\" sizes=\"auto, (max-width: 767px) 89vw, (max-width: 1000px) 54vw, (max-width: 1071px) 543px, 580px\" \/><\/figure>\n\n\n\n<figure class=\"wp-block-image size-large\"><img loading=\"lazy\" decoding=\"async\" width=\"1024\" height=\"576\" data-id=\"5057\" src=\"https:\/\/gerlachschule-aachen.de\/wp-content\/uploads\/2025\/07\/IMG_2194-1024x576.jpg\" alt=\"\" class=\"wp-image-5057\" srcset=\"https:\/\/gerlachschule-aachen.de\/wp-content\/uploads\/2025\/07\/IMG_2194-1024x576.jpg 1024w, https:\/\/gerlachschule-aachen.de\/wp-content\/uploads\/2025\/07\/IMG_2194-300x169.jpg 300w, https:\/\/gerlachschule-aachen.de\/wp-content\/uploads\/2025\/07\/IMG_2194-768x432.jpg 768w, https:\/\/gerlachschule-aachen.de\/wp-content\/uploads\/2025\/07\/IMG_2194-1536x864.jpg 1536w, https:\/\/gerlachschule-aachen.de\/wp-content\/uploads\/2025\/07\/IMG_2194-2048x1152.jpg 2048w\" sizes=\"auto, (max-width: 767px) 89vw, (max-width: 1000px) 54vw, (max-width: 1071px) 543px, 580px\" \/><\/figure>\n<\/figure>\n\n\n\n<p><\/p>\n\n\n\n<p class=\"has-text-align-center has-vivid-cyan-blue-background-color has-background has-medium-font-size\"><strong>Abschlussfeier Klasse 4<\/strong><\/p>\n\n\n\n<p>Am Freitag, 11. Juli 2025 haben wir unsere Viertkl\u00e4ssler mit einer liebevoll gestalteten Abschlussfeier verabschiedet.  Wir w\u00fcnschen ihnen f\u00fcr ihren weiteren Lebensweg viele gute Freunde, nette Lehrerinnen und Lehrer und vor allem weiterhin viel Freude am Lernen!<\/p>\n\n\n\n<p><\/p>\n\n\n\n<figure class=\"wp-block-gallery has-nested-images columns-default is-cropped wp-block-gallery-21 is-layout-flex wp-block-gallery-is-layout-flex\">\n<figure class=\"wp-block-image size-large\"><img loading=\"lazy\" decoding=\"async\" width=\"1024\" height=\"771\" data-id=\"5068\" src=\"https:\/\/gerlachschule-aachen.de\/wp-content\/uploads\/2025\/07\/threema-20250711-161332900_jpg-1024x771.jpeg\" alt=\"\" class=\"wp-image-5068\" srcset=\"https:\/\/gerlachschule-aachen.de\/wp-content\/uploads\/2025\/07\/threema-20250711-161332900_jpg-1024x771.jpeg 1024w, https:\/\/gerlachschule-aachen.de\/wp-content\/uploads\/2025\/07\/threema-20250711-161332900_jpg-300x226.jpeg 300w, https:\/\/gerlachschule-aachen.de\/wp-content\/uploads\/2025\/07\/threema-20250711-161332900_jpg-768x578.jpeg 768w, https:\/\/gerlachschule-aachen.de\/wp-content\/uploads\/2025\/07\/threema-20250711-161332900_jpg-1536x1157.jpeg 1536w, https:\/\/gerlachschule-aachen.de\/wp-content\/uploads\/2025\/07\/threema-20250711-161332900_jpg.jpeg 1600w\" sizes=\"auto, (max-width: 767px) 89vw, (max-width: 1000px) 54vw, (max-width: 1071px) 543px, 580px\" \/><\/figure>\n\n\n\n<figure class=\"wp-block-image size-large\"><img loading=\"lazy\" decoding=\"async\" width=\"1024\" height=\"771\" data-id=\"5069\" src=\"https:\/\/gerlachschule-aachen.de\/wp-content\/uploads\/2025\/07\/threema-20250711-161333133_jpg-1024x771.jpeg\" alt=\"\" class=\"wp-image-5069\" srcset=\"https:\/\/gerlachschule-aachen.de\/wp-content\/uploads\/2025\/07\/threema-20250711-161333133_jpg-1024x771.jpeg 1024w, https:\/\/gerlachschule-aachen.de\/wp-content\/uploads\/2025\/07\/threema-20250711-161333133_jpg-300x226.jpeg 300w, https:\/\/gerlachschule-aachen.de\/wp-content\/uploads\/2025\/07\/threema-20250711-161333133_jpg-768x578.jpeg 768w, https:\/\/gerlachschule-aachen.de\/wp-content\/uploads\/2025\/07\/threema-20250711-161333133_jpg-1536x1157.jpeg 1536w, https:\/\/gerlachschule-aachen.de\/wp-content\/uploads\/2025\/07\/threema-20250711-161333133_jpg.jpeg 1600w\" sizes=\"auto, (max-width: 767px) 89vw, (max-width: 1000px) 54vw, (max-width: 1071px) 543px, 580px\" \/><\/figure>\n\n\n\n<figure class=\"wp-block-image size-large\"><img loading=\"lazy\" decoding=\"async\" width=\"1024\" height=\"771\" data-id=\"5067\" src=\"https:\/\/gerlachschule-aachen.de\/wp-content\/uploads\/2025\/07\/threema-20250711-161332668_jpg-1024x771.jpeg\" alt=\"\" class=\"wp-image-5067\" srcset=\"https:\/\/gerlachschule-aachen.de\/wp-content\/uploads\/2025\/07\/threema-20250711-161332668_jpg-1024x771.jpeg 1024w, https:\/\/gerlachschule-aachen.de\/wp-content\/uploads\/2025\/07\/threema-20250711-161332668_jpg-300x226.jpeg 300w, https:\/\/gerlachschule-aachen.de\/wp-content\/uploads\/2025\/07\/threema-20250711-161332668_jpg-768x578.jpeg 768w, https:\/\/gerlachschule-aachen.de\/wp-content\/uploads\/2025\/07\/threema-20250711-161332668_jpg-1536x1157.jpeg 1536w, https:\/\/gerlachschule-aachen.de\/wp-content\/uploads\/2025\/07\/threema-20250711-161332668_jpg.jpeg 1600w\" sizes=\"auto, (max-width: 767px) 89vw, (max-width: 1000px) 54vw, (max-width: 1071px) 543px, 580px\" \/><\/figure>\n\n\n\n<figure class=\"wp-block-image size-large\"><img loading=\"lazy\" decoding=\"async\" width=\"1024\" height=\"771\" data-id=\"5066\" src=\"https:\/\/gerlachschule-aachen.de\/wp-content\/uploads\/2025\/07\/threema-20250711-161331953_jpg-1024x771.jpeg\" alt=\"\" class=\"wp-image-5066\" srcset=\"https:\/\/gerlachschule-aachen.de\/wp-content\/uploads\/2025\/07\/threema-20250711-161331953_jpg-1024x771.jpeg 1024w, https:\/\/gerlachschule-aachen.de\/wp-content\/uploads\/2025\/07\/threema-20250711-161331953_jpg-300x226.jpeg 300w, https:\/\/gerlachschule-aachen.de\/wp-content\/uploads\/2025\/07\/threema-20250711-161331953_jpg-768x578.jpeg 768w, https:\/\/gerlachschule-aachen.de\/wp-content\/uploads\/2025\/07\/threema-20250711-161331953_jpg-1536x1157.jpeg 1536w, https:\/\/gerlachschule-aachen.de\/wp-content\/uploads\/2025\/07\/threema-20250711-161331953_jpg.jpeg 1600w\" sizes=\"auto, (max-width: 767px) 89vw, (max-width: 1000px) 54vw, (max-width: 1071px) 543px, 580px\" \/><\/figure>\n\n\n\n<figure class=\"wp-block-image size-large\"><img loading=\"lazy\" decoding=\"async\" width=\"1024\" height=\"771\" data-id=\"5065\" src=\"https:\/\/gerlachschule-aachen.de\/wp-content\/uploads\/2025\/07\/threema-20250711-161331750_jpg-1024x771.jpeg\" alt=\"\" class=\"wp-image-5065\" srcset=\"https:\/\/gerlachschule-aachen.de\/wp-content\/uploads\/2025\/07\/threema-20250711-161331750_jpg-1024x771.jpeg 1024w, https:\/\/gerlachschule-aachen.de\/wp-content\/uploads\/2025\/07\/threema-20250711-161331750_jpg-300x226.jpeg 300w, https:\/\/gerlachschule-aachen.de\/wp-content\/uploads\/2025\/07\/threema-20250711-161331750_jpg-768x578.jpeg 768w, https:\/\/gerlachschule-aachen.de\/wp-content\/uploads\/2025\/07\/threema-20250711-161331750_jpg-1536x1157.jpeg 1536w, https:\/\/gerlachschule-aachen.de\/wp-content\/uploads\/2025\/07\/threema-20250711-161331750_jpg.jpeg 1600w\" sizes=\"auto, (max-width: 767px) 89vw, (max-width: 1000px) 54vw, (max-width: 1071px) 543px, 580px\" \/><\/figure>\n\n\n\n<figure class=\"wp-block-image size-large\"><img loading=\"lazy\" decoding=\"async\" width=\"1024\" height=\"771\" data-id=\"5064\" src=\"https:\/\/gerlachschule-aachen.de\/wp-content\/uploads\/2025\/07\/threema-20250711-161331486_jpg-1024x771.jpeg\" alt=\"\" class=\"wp-image-5064\" srcset=\"https:\/\/gerlachschule-aachen.de\/wp-content\/uploads\/2025\/07\/threema-20250711-161331486_jpg-1024x771.jpeg 1024w, https:\/\/gerlachschule-aachen.de\/wp-content\/uploads\/2025\/07\/threema-20250711-161331486_jpg-300x226.jpeg 300w, https:\/\/gerlachschule-aachen.de\/wp-content\/uploads\/2025\/07\/threema-20250711-161331486_jpg-768x578.jpeg 768w, https:\/\/gerlachschule-aachen.de\/wp-content\/uploads\/2025\/07\/threema-20250711-161331486_jpg-1536x1157.jpeg 1536w, https:\/\/gerlachschule-aachen.de\/wp-content\/uploads\/2025\/07\/threema-20250711-161331486_jpg.jpeg 1600w\" sizes=\"auto, (max-width: 767px) 89vw, (max-width: 1000px) 54vw, (max-width: 1071px) 543px, 580px\" \/><\/figure>\n\n\n\n<figure class=\"wp-block-image size-large\"><img loading=\"lazy\" decoding=\"async\" width=\"771\" height=\"1024\" data-id=\"5063\" src=\"https:\/\/gerlachschule-aachen.de\/wp-content\/uploads\/2025\/07\/threema-20250711-161330325_jpg-771x1024.jpeg\" alt=\"\" class=\"wp-image-5063\" srcset=\"https:\/\/gerlachschule-aachen.de\/wp-content\/uploads\/2025\/07\/threema-20250711-161330325_jpg-771x1024.jpeg 771w, https:\/\/gerlachschule-aachen.de\/wp-content\/uploads\/2025\/07\/threema-20250711-161330325_jpg-226x300.jpeg 226w, https:\/\/gerlachschule-aachen.de\/wp-content\/uploads\/2025\/07\/threema-20250711-161330325_jpg-768x1020.jpeg 768w, https:\/\/gerlachschule-aachen.de\/wp-content\/uploads\/2025\/07\/threema-20250711-161330325_jpg-1157x1536.jpeg 1157w, https:\/\/gerlachschule-aachen.de\/wp-content\/uploads\/2025\/07\/threema-20250711-161330325_jpg.jpeg 1205w\" sizes=\"auto, (max-width: 767px) 89vw, (max-width: 1000px) 54vw, (max-width: 1071px) 543px, 580px\" \/><\/figure>\n\n\n\n<figure class=\"wp-block-image size-large\"><img loading=\"lazy\" decoding=\"async\" width=\"771\" height=\"1024\" data-id=\"5062\" src=\"https:\/\/gerlachschule-aachen.de\/wp-content\/uploads\/2025\/07\/threema-20250711-161329382_jpg-771x1024.jpeg\" alt=\"\" class=\"wp-image-5062\" srcset=\"https:\/\/gerlachschule-aachen.de\/wp-content\/uploads\/2025\/07\/threema-20250711-161329382_jpg-771x1024.jpeg 771w, https:\/\/gerlachschule-aachen.de\/wp-content\/uploads\/2025\/07\/threema-20250711-161329382_jpg-226x300.jpeg 226w, https:\/\/gerlachschule-aachen.de\/wp-content\/uploads\/2025\/07\/threema-20250711-161329382_jpg-768x1020.jpeg 768w, https:\/\/gerlachschule-aachen.de\/wp-content\/uploads\/2025\/07\/threema-20250711-161329382_jpg-1157x1536.jpeg 1157w, https:\/\/gerlachschule-aachen.de\/wp-content\/uploads\/2025\/07\/threema-20250711-161329382_jpg.jpeg 1205w\" sizes=\"auto, (max-width: 767px) 89vw, (max-width: 1000px) 54vw, (max-width: 1071px) 543px, 580px\" \/><\/figure>\n<\/figure>\n","protected":false},"excerpt":{"rendered":"<p>Einschulungsfeier Am 28. August 2025 begr\u00fc\u00dften wir unsere neuen Erstkl\u00e4ssler mit einer liebevoll und abwechslungsreich gestalteten Einschulungsfeier! Herzlich willkommen an der Gerlachschule, ihr lieben Erstis! Vorlesestunde Am Donnerstag, 26. September 2024 waren wir zur Vorlesestunde an der KGS Beeckstra\u00dfe eingeladen. Einige Kinder aus den vierten Schuljahren machen sich zusammen mit Frau Hammer und Frau H\u00fclsken &hellip; <\/p>\n<p class=\"link-more\"><a href=\"https:\/\/gerlachschule-aachen.de\/index.php\/unsere-aktivitaeten\/\" class=\"more-link\"><span class=\"screen-reader-text\">\u201eUnsere Aktivit\u00e4ten im Schuljahr\u201c <\/span>weiterlesen<\/a><\/p>\n","protected":false},"author":2,"featured_media":0,"parent":0,"menu_order":0,"comment_status":"closed","ping_status":"closed","template":"","meta":{"footnotes":""},"class_list":["post-153","page","type-page","status-publish","hentry"],"_links":{"self":[{"href":"https:\/\/gerlachschule-aachen.de\/index.php\/wp-json\/wp\/v2\/pages\/153","targetHints":{"allow":["GET"]}}],"collection":[{"href":"https:\/\/gerlachschule-aachen.de\/index.php\/wp-json\/wp\/v2\/pages"}],"about":[{"href":"https:\/\/gerlachschule-aachen.de\/index.php\/wp-json\/wp\/v2\/types\/page"}],"author":[{"embeddable":true,"href":"https:\/\/gerlachschule-aachen.de\/index.php\/wp-json\/wp\/v2\/users\/2"}],"replies":[{"embeddable":true,"href":"https:\/\/gerlachschule-aachen.de\/index.php\/wp-json\/wp\/v2\/comments?post=153"}],"version-history":[{"count":72,"href":"https:\/\/gerlachschule-aachen.de\/index.php\/wp-json\/wp\/v2\/pages\/153\/revisions"}],"predecessor-version":[{"id":5607,"href":"https:\/\/gerlachschule-aachen.de\/index.php\/wp-json\/wp\/v2\/pages\/153\/revisions\/5607"}],"wp:attachment":[{"href":"https:\/\/gerlachschule-aachen.de\/index.php\/wp-json\/wp\/v2\/media?parent=153"}],"curies":[{"name":"wp","href":"https:\/\/api.w.org\/{rel}","templated":true}]}}