{"id":465,"date":"2019-12-03T10:20:26","date_gmt":"2019-12-03T10:20:26","guid":{"rendered":"http:\/\/dev.gerlachschule-aachen.de\/?page_id=465"},"modified":"2023-08-15T07:07:11","modified_gmt":"2023-08-15T07:07:11","slug":"rektorat","status":"publish","type":"page","link":"https:\/\/gerlachschule-aachen.de\/index.php\/rektorat\/","title":{"rendered":"Sekretariat"},"content":{"rendered":"\n<p>  Schulleitung:   Susanne Hammer <\/p>\n\n\n\n<p> Sekret\u00e4rin :    Frau Janzen <\/p>\n\n\n\n<div class=\"wp-block-group\"><div class=\"wp-block-group__inner-container is-layout-flow wp-block-group-is-layout-flow\">\n<p>Gerlachstra\u00dfe 7<br>52064 Aachen<\/p>\n<\/div><\/div>\n\n\n\n<p>Tel.: <a href=\"tel:+024149329\">0241-49329<\/a><br><\/p>\n\n\n\n<p>Email: <a href=\"mailto:info@gerlachschule-aachen.de\">info@gerlachschule-aachen.de<\/a><\/p>\n\n\n\n<p>\nJede  Schule braucht eine Sekret\u00e4rin, die Termine vereinbart,  \nKrankmeldungen  annimmt, weiterleitet und auch sonst immer ein offenes  \nOhr hat. Bitte sprechen Sie auf den Anrufbeantworter, wenn Frau Janzen \nmal nicht an ihrem Platz sein sollte.<\/p>\n\n\n\n<p>\u00d6ffnungszeiten: &nbsp; <\/p>\n\n\n\n<figure class=\"wp-block-table\"><table><tbody><tr><td>\n  Montag\n  <\/td><td>\n  8.00 \u2013 12.00 Uhr\n  <\/td><\/tr><tr><td>\n  Dienstag\n  <\/td><td>\n  8.00 \u2013 12.00 Uhr\n  <\/td><\/tr><tr><td>\n  Mittwoch\n  <\/td><td>\n  8.00 \u2013 12.00 Uhr\n  <\/td><\/tr><tr><td>\n  Donnerstag\n  <\/td><td>\n  8.00 \u2013 12.00 Uhr\n  <\/td><\/tr><tr><td>\n  Freitag\n  <\/td><td>\n  nach Vereinbarung\n  <\/td><\/tr><\/tbody><\/table><\/figure>\n","protected":false},"excerpt":{"rendered":"<p>Schulleitung: Susanne Hammer Sekret\u00e4rin : Frau Janzen Gerlachstra\u00dfe 752064 Aachen Tel.: 0241-49329 Email: info@gerlachschule-aachen.de Jede Schule braucht eine Sekret\u00e4rin, die Termine vereinbart, Krankmeldungen annimmt, weiterleitet und auch sonst immer ein offenes Ohr hat. Bitte sprechen Sie auf den Anrufbeantworter, wenn Frau Janzen mal nicht an ihrem Platz sein sollte. \u00d6ffnungszeiten: &nbsp; Montag 8.00 \u2013 12.00 &hellip; <\/p>\n<p class=\"link-more\"><a href=\"https:\/\/gerlachschule-aachen.de\/index.php\/rektorat\/\" class=\"more-link\"><span class=\"screen-reader-text\">\u201eSekretariat\u201c <\/span>weiterlesen<\/a><\/p>\n","protected":false},"author":1,"featured_media":0,"parent":0,"menu_order":0,"comment_status":"closed","ping_status":"closed","template":"","meta":{"footnotes":""},"class_list":["post-465","page","type-page","status-publish","hentry"],"_links":{"self":[{"href":"https:\/\/gerlachschule-aachen.de\/index.php\/wp-json\/wp\/v2\/pages\/465","targetHints":{"allow":["GET"]}}],"collection":[{"href":"https:\/\/gerlachschule-aachen.de\/index.php\/wp-json\/wp\/v2\/pages"}],"about":[{"href":"https:\/\/gerlachschule-aachen.de\/index.php\/wp-json\/wp\/v2\/types\/page"}],"author":[{"embeddable":true,"href":"https:\/\/gerlachschule-aachen.de\/index.php\/wp-json\/wp\/v2\/users\/1"}],"replies":[{"embeddable":true,"href":"https:\/\/gerlachschule-aachen.de\/index.php\/wp-json\/wp\/v2\/comments?post=465"}],"version-history":[{"count":13,"href":"https:\/\/gerlachschule-aachen.de\/index.php\/wp-json\/wp\/v2\/pages\/465\/revisions"}],"predecessor-version":[{"id":3210,"href":"https:\/\/gerlachschule-aachen.de\/index.php\/wp-json\/wp\/v2\/pages\/465\/revisions\/3210"}],"wp:attachment":[{"href":"https:\/\/gerlachschule-aachen.de\/index.php\/wp-json\/wp\/v2\/media?parent=465"}],"curies":[{"name":"wp","href":"https:\/\/api.w.org\/{rel}","templated":true}]}}